{"id":249,"date":"2023-05-03T10:12:34","date_gmt":"2023-05-03T10:12:34","guid":{"rendered":"https:\/\/campervandiek.de\/?page_id=249"},"modified":"2023-05-04T18:14:13","modified_gmt":"2023-05-04T18:14:13","slug":"kontakt","status":"publish","type":"page","link":"https:\/\/campervandiek.de\/index.php\/kontakt\/","title":{"rendered":"Kontakt"},"content":{"rendered":"<p>[et_pb_section fb_built=&#8220;1&#8243; admin_label=&#8220;Header&#8220; _builder_version=&#8220;4.21.0&#8243; global_colors_info=&#8220;{}&#8220; background_size__hover=&#8220;cover&#8220; background_size__hover_enabled=&#8220;cover&#8220;][et_pb_row _builder_version=&#8220;4.16&#8243; use_background_color_gradient=&#8220;on&#8220; background_color_gradient_stops=&#8220;rgba(26,24,68,0) 0%|#1a1844 100%&#8220; background_color_gradient_overlays_image=&#8220;on&#8220; background_color_gradient_start=&#8220;rgba(26,24,68,0)&#8220; background_color_gradient_end=&#8220;#1a1844&#8243; background_image=&#8220;https:\/\/campervandiek.de\/wp-content\/uploads\/2023\/04\/podcast-02-1.png&#8220; background_position=&#8220;top_center&#8220; width=&#8220;100%&#8220; max_width=&#8220;100%&#8220; custom_padding=&#8220;|10%||10%||true&#8220; animation_style=&#8220;slide&#8220; animation_direction=&#8220;bottom&#8220; animation_intensity_slide=&#8220;1%&#8220; use_custom_width=&#8220;on&#8220; width_unit=&#8220;off&#8220; custom_width_percent=&#8220;100%&#8220; global_colors_info=&#8220;{}&#8220;][et_pb_column type=&#8220;4_4&#8243; _builder_version=&#8220;4.16&#8243; custom_padding=&#8220;|||&#8220; global_colors_info=&#8220;{}&#8220; custom_padding__hover=&#8220;|||&#8220;][et_pb_text _builder_version=&#8220;4.21.0&#8243; text_font=&#8220;||||||||&#8220; text_text_color=&#8220;gcid-13a34942-ce12-42de-8ff4-bdb618524c37&#8243; text_font_size=&#8220;20px&#8220; text_line_height=&#8220;1.8em&#8220; link_text_color=&#8220;gcid-13a34942-ce12-42de-8ff4-bdb618524c37&#8243; ul_text_color=&#8220;gcid-13a34942-ce12-42de-8ff4-bdb618524c37&#8243; ol_text_color=&#8220;gcid-13a34942-ce12-42de-8ff4-bdb618524c37&#8243; quote_text_color=&#8220;gcid-13a34942-ce12-42de-8ff4-bdb618524c37&#8243; header_font=&#8220;Lato|900|||||||&#8220; header_text_color=&#8220;gcid-13a34942-ce12-42de-8ff4-bdb618524c37&#8243; header_font_size=&#8220;82px&#8220; header_letter_spacing=&#8220;1px&#8220; header_line_height=&#8220;1.2em&#8220; header_4_font=&#8220;Raleway|||on|||||&#8220; header_4_text_color=&#8220;gcid-13a34942-ce12-42de-8ff4-bdb618524c37&#8243; header_4_font_size=&#8220;22px&#8220; header_4_letter_spacing=&#8220;4px&#8220; header_4_line_height=&#8220;1.6em&#8220; text_orientation=&#8220;center&#8220; background_layout=&#8220;dark&#8220; max_width=&#8220;800px&#8220; module_alignment=&#8220;center&#8220; text_font_size_tablet=&#8220;&#8220; text_font_size_phone=&#8220;14px&#8220; text_font_size_last_edited=&#8220;on|desktop&#8220; header_font_size_tablet=&#8220;62px&#8220; header_font_size_phone=&#8220;38px&#8220; header_font_size_last_edited=&#8220;on|phone&#8220; global_colors_info=&#8220;{%22gcid-13a34942-ce12-42de-8ff4-bdb618524c37%22:%91%22text_text_color%22,%22link_text_color%22,%22ul_text_color%22,%22ol_text_color%22,%22quote_text_color%22,%22header_text_color%22,%22header_4_text_color%22%93}&#8220;]<\/p>\n<h4>Kontakt<\/h4>\n<h1>Schreibt uns einfach<\/h1>\n<p>Ihr habt Fragen oder Ideen f\u00fcr neue Podcastfolgen? Oder Ihr m\u00f6chtet gerne mal Teil einer Folge sein und habt was Interessantes zu erz\u00e4hlen. Schickt uns einfach eine Nachricht und wir melden uns bei Euch.\u00a0<\/p>\n<p>[\/et_pb_text][\/et_pb_column][\/et_pb_row][\/et_pb_section][et_pb_section fb_built=&#8220;1&#8243; admin_label=&#8220;Email&#8220; _builder_version=&#8220;4.16&#8243; background_color_gradient_direction_radial=&#8220;left&#8220; background_color_gradient_end_position=&#8220;36%&#8220; background_image=&#8220;https:\/\/campervandiek.de\/wp-content\/uploads\/2023\/04\/podcast-03.png&#8220; global_colors_info=&#8220;{}&#8220; background_size__hover=&#8220;cover&#8220; background_size__hover_enabled=&#8220;cover&#8220;][et_pb_row column_structure=&#8220;1_2,1_2&#8243; padding_top_bottom_link_1=&#8220;false&#8220; padding_top_bottom_link_2=&#8220;true&#8220; padding_left_right_link_2=&#8220;false&#8220; _builder_version=&#8220;4.21.0&#8243; width=&#8220;100%&#8220; max_width=&#8220;100%&#8220; custom_margin=&#8220;||60px&#8220; custom_margin_tablet=&#8220;0px|||&#8220; custom_margin_phone=&#8220;|||&#8220; custom_margin_last_edited=&#8220;off|desktop&#8220; custom_padding=&#8220;27px|0px|0|0px|false|false&#8220; animation_style=&#8220;slide&#8220; animation_direction=&#8220;bottom&#8220; animation_intensity_slide=&#8220;1%&#8220; use_custom_width=&#8220;on&#8220; width_unit=&#8220;off&#8220; custom_width_percent=&#8220;100%&#8220; global_colors_info=&#8220;{}&#8220;][et_pb_column type=&#8220;1_2&#8243; _builder_version=&#8220;4.16&#8243; custom_padding=&#8220;120px|||20vw&#8220; custom_padding_tablet=&#8220;60px|10%|60px|10%|true|true&#8220; custom_padding_phone=&#8220;|||||false&#8220; custom_padding_last_edited=&#8220;on|tablet&#8220; global_colors_info=&#8220;{}&#8220; padding_phone=&#8220;|||||false&#8220; padding_tablet=&#8220;60px|10%|60px|10%|true|true&#8220; padding_last_edited=&#8220;on|tablet&#8220; custom_padding__hover=&#8220;|||&#8220;][et_pb_text _builder_version=&#8220;4.21.0&#8243; text_font=&#8220;||||||||&#8220; text_text_color=&#8220;gcid-13a34942-ce12-42de-8ff4-bdb618524c37&#8243; header_font=&#8220;||||||||&#8220; header_text_color=&#8220;gcid-13a34942-ce12-42de-8ff4-bdb618524c37&#8243; header_2_font=&#8220;Lato|700|||||||&#8220; header_2_text_color=&#8220;gcid-13a34942-ce12-42de-8ff4-bdb618524c37&#8243; header_2_font_size=&#8220;50px&#8220; header_2_line_height=&#8220;1.4em&#8220; background_layout=&#8220;dark&#8220; header_2_font_size_tablet=&#8220;40px&#8220; header_2_font_size_phone=&#8220;30px&#8220; header_2_font_size_last_edited=&#8220;on|phone&#8220; global_colors_info=&#8220;{%22gcid-13a34942-ce12-42de-8ff4-bdb618524c37%22:%91%22text_text_color%22,%22header_text_color%22,%22header_2_text_color%22%93}&#8220;]<\/p>\n<h2>Schreibe eine Nachricht<\/h2>\n<p>[\/et_pb_text][et_pb_divider color=&#8220;gcid-718d5725-430b-451c-a0ab-2d5f284aa381&#8243; divider_weight=&#8220;5px&#8220; _builder_version=&#8220;4.21.0&#8243; max_width=&#8220;120px&#8220; module_alignment=&#8220;left&#8220; locked=&#8220;off&#8220; global_colors_info=&#8220;{}&#8220;][\/et_pb_divider][et_pb_text _builder_version=&#8220;4.21.0&#8243; text_text_color=&#8220;gcid-13a34942-ce12-42de-8ff4-bdb618524c37&#8243; text_font_size=&#8220;15px&#8220; text_line_height=&#8220;2em&#8220; link_font=&#8220;||||||||&#8220; link_text_color=&#8220;#fe4943&#8243; background_layout=&#8220;dark&#8220; hover_enabled=&#8220;0&#8243; locked=&#8220;off&#8220; global_colors_info=&#8220;{%22gcid-13a34942-ce12-42de-8ff4-bdb618524c37%22:%91%22text_text_color%22%93}&#8220; sticky_enabled=&#8220;0&#8243;]<\/p>\n<p>Nutze einfach rechts das Kontaktformular und schicke uns eine Nachricht. Wir freuen uns von Dir zu h\u00f6ren.<\/p>\n<p>[\/et_pb_text][\/et_pb_column][et_pb_column type=&#8220;1_2&#8243; _builder_version=&#8220;4.21.0&#8243; background_color=&#8220;gcid-5e8ee08b-cef9-470a-ab61-ee6311cda45c&#8220; custom_padding=&#8220;100px|10vw|100px|10vw&#8220; custom_padding_tablet=&#8220;60px|10%|60px|10%|true|true&#8220; custom_padding_phone=&#8220;||||true|&#8220; custom_padding_last_edited=&#8220;on|phone&#8220; global_colors_info=&#8220;{%22gcid-5e8ee08b-cef9-470a-ab61-ee6311cda45c%22:%91%22background_color%22%93}&#8220; padding_phone=&#8220;||||true|&#8220; padding_tablet=&#8220;60px|10%|60px|10%|true|true&#8220; padding_last_edited=&#8220;on|phone&#8220; custom_padding__hover=&#8220;|||&#8220;][et_pb_contact_form use_spam_service=&#8220;on&#8220; recaptcha_list=&#8220;Kontakt Camper Van Diek|Kontakt Camper Van Diek-0&#8243; recaptcha_min_score=&#8220;0.6&#8243; email=&#8220;kontakt@campervandiek.de&#8220; custom_message=&#8220;Neue Nachricht vom Kontaktformular:||et_pb_line_break_holder||||et_pb_line_break_holder||Name: %%Name%% ||et_pb_line_break_holder||Email: %%Email%% ||et_pb_line_break_holder||||et_pb_line_break_holder||Nachricht: ||et_pb_line_break_holder||%%Message%%&#8220; use_redirect=&#8220;on&#8220; success_message=&#8220;Vielen Dank f\u00fcr deine Nachricht. &#8220; submit_button_text=&#8220;Senden&#8220; module_id=&#8220;et_pb_contact_form_0&#8243; _builder_version=&#8220;4.21.0&#8243; form_field_background_color=&#8220;gcid-13a34942-ce12-42de-8ff4-bdb618524c37&#8243; form_field_text_color=&#8220;gcid-5e8ee08b-cef9-470a-ab61-ee6311cda45c&#8220; form_field_focus_background_color=&#8220;gcid-13a34942-ce12-42de-8ff4-bdb618524c37&#8243; form_field_focus_text_color=&#8220;gcid-5e8ee08b-cef9-470a-ab61-ee6311cda45c&#8220; captcha_font=&#8220;|600|||||||&#8220; captcha_font_size=&#8220;18px&#8220; form_field_font=&#8220;||||||||&#8220; form_field_font_size=&#8220;16px&#8220; form_field_line_height=&#8220;1.8em&#8220; custom_button=&#8220;on&#8220; button_text_size=&#8220;14px&#8220; button_text_color=&#8220;gcid-5e8ee08b-cef9-470a-ab61-ee6311cda45c&#8220; button_bg_color=&#8220;gcid-718d5725-430b-451c-a0ab-2d5f284aa381&#8243; button_border_width=&#8220;12px&#8220; button_border_color=&#8220;rgba(0,0,0,0)&#8220; button_letter_spacing=&#8220;4px&#8220; button_font=&#8220;Raleway|700||on|||||&#8220; custom_margin=&#8220;|||-13vw&#8220; custom_margin_tablet=&#8220;|||0vw&#8220; custom_margin_phone=&#8220;&#8220; custom_margin_last_edited=&#8220;on|tablet&#8220; hover_enabled=&#8220;0&#8243; border_radii=&#8220;on|3px|3px|3px|3px&#8220; form_background_color=&#8220;#ffffff&#8220; global_colors_info=&#8220;{%22gcid-13a34942-ce12-42de-8ff4-bdb618524c37%22:%91%22form_field_background_color%22,%22form_field_focus_background_color%22%93,%22gcid-5e8ee08b-cef9-470a-ab61-ee6311cda45c%22:%91%22form_field_text_color%22,%22form_field_focus_text_color%22,%22button_text_color%22%93,%22gcid-718d5725-430b-451c-a0ab-2d5f284aa381%22:%91%22button_bg_color%22%93}&#8220; sticky_enabled=&#8220;0&#8243;][et_pb_contact_field field_id=&#8220;Name&#8220; field_title=&#8220;Name&#8220; fullwidth_field=&#8220;on&#8220; _builder_version=&#8220;4.16&#8243; global_colors_info=&#8220;{}&#8220; button_text_size__hover_enabled=&#8220;off&#8220; button_one_text_size__hover_enabled=&#8220;off&#8220; button_two_text_size__hover_enabled=&#8220;off&#8220; button_text_color__hover_enabled=&#8220;off&#8220; button_one_text_color__hover_enabled=&#8220;off&#8220; button_two_text_color__hover_enabled=&#8220;off&#8220; button_border_width__hover_enabled=&#8220;off&#8220; button_one_border_width__hover_enabled=&#8220;off&#8220; button_two_border_width__hover_enabled=&#8220;off&#8220; button_border_color__hover_enabled=&#8220;off&#8220; button_one_border_color__hover_enabled=&#8220;off&#8220; button_two_border_color__hover_enabled=&#8220;off&#8220; button_border_radius__hover_enabled=&#8220;off&#8220; button_one_border_radius__hover_enabled=&#8220;off&#8220; button_two_border_radius__hover_enabled=&#8220;off&#8220; button_letter_spacing__hover_enabled=&#8220;off&#8220; button_one_letter_spacing__hover_enabled=&#8220;off&#8220; button_two_letter_spacing__hover_enabled=&#8220;off&#8220; button_bg_color__hover_enabled=&#8220;off&#8220; button_one_bg_color__hover_enabled=&#8220;off&#8220; button_two_bg_color__hover_enabled=&#8220;off&#8220;][\/et_pb_contact_field][et_pb_contact_field field_id=&#8220;Email&#8220; field_title=&#8220;Email Adresse&#8220; field_type=&#8220;email&#8220; fullwidth_field=&#8220;on&#8220; _builder_version=&#8220;4.21.0&#8243; hover_enabled=&#8220;0&#8243; global_colors_info=&#8220;{}&#8220; button_text_size__hover_enabled=&#8220;off&#8220; button_one_text_size__hover_enabled=&#8220;off&#8220; button_two_text_size__hover_enabled=&#8220;off&#8220; button_text_color__hover_enabled=&#8220;off&#8220; button_one_text_color__hover_enabled=&#8220;off&#8220; button_two_text_color__hover_enabled=&#8220;off&#8220; button_border_width__hover_enabled=&#8220;off&#8220; button_one_border_width__hover_enabled=&#8220;off&#8220; button_two_border_width__hover_enabled=&#8220;off&#8220; button_border_color__hover_enabled=&#8220;off&#8220; button_one_border_color__hover_enabled=&#8220;off&#8220; button_two_border_color__hover_enabled=&#8220;off&#8220; button_border_radius__hover_enabled=&#8220;off&#8220; button_one_border_radius__hover_enabled=&#8220;off&#8220; button_two_border_radius__hover_enabled=&#8220;off&#8220; button_letter_spacing__hover_enabled=&#8220;off&#8220; button_one_letter_spacing__hover_enabled=&#8220;off&#8220; button_two_letter_spacing__hover_enabled=&#8220;off&#8220; button_bg_color__hover_enabled=&#8220;off&#8220; button_one_bg_color__hover_enabled=&#8220;off&#8220; button_two_bg_color__hover_enabled=&#8220;off&#8220; sticky_enabled=&#8220;0&#8243;][\/et_pb_contact_field][et_pb_contact_field field_id=&#8220;Message&#8220; field_title=&#8220;Message&#8220; field_type=&#8220;text&#8220; fullwidth_field=&#8220;on&#8220; _builder_version=&#8220;4.16&#8243; global_colors_info=&#8220;{}&#8220; button_text_size__hover_enabled=&#8220;off&#8220; button_one_text_size__hover_enabled=&#8220;off&#8220; button_two_text_size__hover_enabled=&#8220;off&#8220; button_text_color__hover_enabled=&#8220;off&#8220; button_one_text_color__hover_enabled=&#8220;off&#8220; button_two_text_color__hover_enabled=&#8220;off&#8220; button_border_width__hover_enabled=&#8220;off&#8220; button_one_border_width__hover_enabled=&#8220;off&#8220; button_two_border_width__hover_enabled=&#8220;off&#8220; button_border_color__hover_enabled=&#8220;off&#8220; button_one_border_color__hover_enabled=&#8220;off&#8220; button_two_border_color__hover_enabled=&#8220;off&#8220; button_border_radius__hover_enabled=&#8220;off&#8220; button_one_border_radius__hover_enabled=&#8220;off&#8220; button_two_border_radius__hover_enabled=&#8220;off&#8220; button_letter_spacing__hover_enabled=&#8220;off&#8220; button_one_letter_spacing__hover_enabled=&#8220;off&#8220; button_two_letter_spacing__hover_enabled=&#8220;off&#8220; button_bg_color__hover_enabled=&#8220;off&#8220; button_one_bg_color__hover_enabled=&#8220;off&#8220; button_two_bg_color__hover_enabled=&#8220;off&#8220;][\/et_pb_contact_field][\/et_pb_contact_form][\/et_pb_column][\/et_pb_row][et_pb_row column_structure=&#8220;1_3,2_3&#8243; _builder_version=&#8220;4.16&#8243; global_colors_info=&#8220;{}&#8220;][et_pb_column type=&#8220;1_3&#8243; _builder_version=&#8220;4.16&#8243; custom_padding=&#8220;|||&#8220; global_colors_info=&#8220;{}&#8220; custom_padding__hover=&#8220;|||&#8220;][et_pb_team_member name=&#8220;langlang&#8220; position=&#8220;Co-Host &#8220; image_url=&#8220;https:\/\/campervandiek.de\/wp-content\/uploads\/2023\/04\/langlang.jpg&#8220; icon_color=&#8220;#ffffff&#8220; _builder_version=&#8220;4.21.0&#8243; header_font=&#8220;Lato|700|||||||&#8220; header_font_size=&#8220;18px&#8220; header_line_height=&#8220;1.8em&#8220; text_orientation=&#8220;center&#8220; max_width_tablet=&#8220;&#8220; max_width_phone=&#8220;240px&#8220; max_width_last_edited=&#8220;on|phone&#8220; module_alignment=&#8220;center&#8220; header_font_size_tablet=&#8220;16px&#8220; header_font_size_phone=&#8220;&#8220; header_font_size_last_edited=&#8220;on|tablet&#8220; border_radii_image=&#8220;on|200px|200px|200px|200px&#8220; global_colors_info=&#8220;{}&#8220; header_font_size__hover=&#8220;22px&#8220; header_font_size__hover_enabled=&#8220;22px&#8220; header_letter_spacing__hover=&#8220;0px&#8220; header_letter_spacing__hover_enabled=&#8220;0px&#8220; header_line_height__hover=&#8220;1em&#8220; header_line_height__hover_enabled=&#8220;1em&#8220; header_text_shadow_style__hover=&#8220;none&#8220; header_text_shadow_style__hover_enabled=&#8220;none&#8220; header_text_shadow_color__hover=&#8220;rgba(0,0,0,0.4)&#8220; header_text_shadow_color__hover_enabled=&#8220;rgba(0,0,0,0.4)&#8220;][\/et_pb_team_member][\/et_pb_column][et_pb_column type=&#8220;2_3&#8243; _builder_version=&#8220;4.16&#8243; custom_padding=&#8220;|||&#8220; global_colors_info=&#8220;{}&#8220; custom_padding__hover=&#8220;|||&#8220;][et_pb_text _builder_version=&#8220;4.21.0&#8243; _module_preset=&#8220;default&#8220; max_height=&#8220;350px&#8220; overflow-y=&#8220;scroll&#8220; hover_enabled=&#8220;0&#8243; global_colors_info=&#8220;{}&#8220; sticky_enabled=&#8220;0&#8243;]<\/p>\n<p><span>Hallo zusammen,<\/span><span> ich bin <\/span><span>langlang<\/span><span>,<\/span><\/p>\n<p><span>ich m\u00f6chte mich einmal kurz vorstellen. Ich hei\u00dfe Marcel Lang, bin 43 Jahre alt und lebe im sch\u00f6nen Landkreis Cuxhaven, der an der Nordsee in Niedersachen liegt. Ich bin verheiratet und habe 2 Kinder. Ich arbeite als Notfallsanit\u00e4ter im Rettungsdienst.<\/span><\/p>\n<p><span>\u00a0<\/span><span>Ja, warum\u2026<\/span><span>langlang<\/span><span>? Hat den Hintergrund, dass ich den Namen meiner Frau bei unserer Hochzeit 2008 angenommen habe und ein ber\u00fchmter Pianist Namens Lang Lang aus China in Deutschland bekannt war oder bekannter wurde. Meine Arbeitskollegen haben dies zum Anlass genommen und haben mich ab dann nur noch <\/span><span>langlang<\/span><span> genannt. \u00dcber die Zeit hinweg habe ich mich dran gew\u00f6hnt.<\/span><\/p>\n<p><span>Seit ca. 2 Jahren sind meine Frau und ich im Besitz eines Wohnmobil Kastenwagen mit 6 m L\u00e4nge mit Aufstelldach. Da wir 2 Kinder haben, bot sich diese Variante f\u00fcr uns als beste L\u00f6sung an. <\/span><\/p>\n<p><span>Wir haben die Idee ein Wohnmobil zu kaufen tats\u00e4chlich vor Corona gehabt und haben uns im Januar 2020 \u00fcberlegt, im Sommer den Urlaub mit einem Mietwohnmobil zu machen. Wir waren auf der Wohnmobil- und Freizeitmesse in Oldenburg gewesen und haben uns ein paar Ideen und Anregungen geholt und dann bei einem \u00f6rtlichen Wohnmobilanbieter einen Alkoven gemietet. Wir waren 15 Tage mit dem Alkoven am Ijsselmeer in den Niederlanden, Richtung Harz und dann an der Ostsee. Das <\/span><span>war quasi<\/span><span> unser Testlauf zum Thema eigenes Wohnmobil.<\/span><\/p>\n<p><span>Im September 2020 waren wir dann auf der Caravan Salon in D\u00fcsseldorf und haben uns unser Wohnmobil bestellt.<\/span><\/p>\n<p><span>Und aufgrund von Corona ist unser Wohnmobil erst im Juni 2021 ausgeliefert worden. Seit dem 1.7.2021 leben wir unseren Wohnmobiltraum.<\/span><\/p>\n<p><span>\u00a0<\/span><\/p>\n<p>[\/et_pb_text][et_pb_button button_url=&#8220;mailto:langlang@campervandiek.de&#8220; button_text=&#8220;Kontakt langlang&#8220; _builder_version=&#8220;4.21.0&#8243; custom_button=&#8220;on&#8220; button_text_size=&#8220;14px&#8220; button_text_color=&#8220;gcid-5e8ee08b-cef9-470a-ab61-ee6311cda45c&#8220; button_bg_color=&#8220;gcid-718d5725-430b-451c-a0ab-2d5f284aa381&#8243; button_border_color=&#8220;rgba(0,0,0,0)&#8220; button_letter_spacing=&#8220;4px&#8220; button_font=&#8220;Raleway|700||on|||||&#8220; background_layout=&#8220;dark&#8220; custom_padding=&#8220;18px||18px||true|false&#8220; custom_padding_phone=&#8220;|80px||80px||true&#8220; custom_padding_last_edited=&#8220;off|desktop&#8220; locked=&#8220;off&#8220; global_colors_info=&#8220;{%22gcid-13a34942-ce12-42de-8ff4-bdb618524c37%22:%91%22button_text_color%22%93,%22gcid-5e8ee08b-cef9-470a-ab61-ee6311cda45c%22:%91%22button_text_color%22%93,%22gcid-718d5725-430b-451c-a0ab-2d5f284aa381%22:%91%22button_bg_color%22%93}&#8220; button_text_size__hover_enabled=&#8220;off&#8220; button_one_text_size__hover_enabled=&#8220;off&#8220; button_two_text_size__hover_enabled=&#8220;off&#8220; button_text_color__hover_enabled=&#8220;off&#8220; button_one_text_color__hover_enabled=&#8220;off&#8220; button_two_text_color__hover_enabled=&#8220;off&#8220; button_border_width__hover_enabled=&#8220;off&#8220; button_one_border_width__hover_enabled=&#8220;off&#8220; button_two_border_width__hover_enabled=&#8220;off&#8220; button_border_color__hover_enabled=&#8220;off&#8220; button_one_border_color__hover_enabled=&#8220;off&#8220; button_two_border_color__hover_enabled=&#8220;off&#8220; button_border_radius__hover_enabled=&#8220;off&#8220; button_one_border_radius__hover_enabled=&#8220;off&#8220; button_two_border_radius__hover_enabled=&#8220;off&#8220; button_letter_spacing__hover_enabled=&#8220;off&#8220; button_one_letter_spacing__hover_enabled=&#8220;off&#8220; button_two_letter_spacing__hover_enabled=&#8220;off&#8220; button_bg_color__hover_enabled=&#8220;off&#8220; button_one_bg_color__hover_enabled=&#8220;off&#8220; button_two_bg_color__hover_enabled=&#8220;off&#8220;][\/et_pb_button][\/et_pb_column][\/et_pb_row][et_pb_row column_structure=&#8220;1_3,2_3&#8243; _builder_version=&#8220;4.16&#8243; min_height=&#8220;593px&#8220; custom_margin=&#8220;59px|auto||auto||&#8220; global_colors_info=&#8220;{}&#8220;][et_pb_column type=&#8220;1_3&#8243; _builder_version=&#8220;4.16&#8243; custom_padding=&#8220;|||&#8220; global_colors_info=&#8220;{}&#8220; custom_padding__hover=&#8220;|||&#8220;][et_pb_team_member name=&#8220;Horge&#8220; position=&#8220;Co-Host &#8220; image_url=&#8220;https:\/\/campervandiek.de\/wp-content\/uploads\/2023\/04\/Horge.jpg&#8220; icon_color=&#8220;#ffffff&#8220; _builder_version=&#8220;4.21.0&#8243; header_font=&#8220;Lato|700|||||||&#8220; header_font_size=&#8220;18px&#8220; header_line_height=&#8220;1.8em&#8220; text_orientation=&#8220;center&#8220; max_width_tablet=&#8220;&#8220; max_width_phone=&#8220;240px&#8220; max_width_last_edited=&#8220;on|phone&#8220; module_alignment=&#8220;center&#8220; header_font_size_tablet=&#8220;16px&#8220; header_font_size_phone=&#8220;&#8220; header_font_size_last_edited=&#8220;on|tablet&#8220; border_radii_image=&#8220;on|200px|200px|200px|200px&#8220; locked=&#8220;off&#8220; global_colors_info=&#8220;{}&#8220; header_font_size__hover=&#8220;22px&#8220; header_font_size__hover_enabled=&#8220;22px&#8220; header_letter_spacing__hover=&#8220;0px&#8220; header_letter_spacing__hover_enabled=&#8220;0px&#8220; header_line_height__hover=&#8220;1em&#8220; header_line_height__hover_enabled=&#8220;1em&#8220; header_text_shadow_style__hover=&#8220;none&#8220; header_text_shadow_style__hover_enabled=&#8220;none&#8220; header_text_shadow_color__hover=&#8220;rgba(0,0,0,0.4)&#8220; header_text_shadow_color__hover_enabled=&#8220;rgba(0,0,0,0.4)&#8220;][\/et_pb_team_member][\/et_pb_column][et_pb_column type=&#8220;2_3&#8243; _builder_version=&#8220;4.16&#8243; custom_padding=&#8220;|||&#8220; global_colors_info=&#8220;{}&#8220; custom_padding__hover=&#8220;|||&#8220;][et_pb_text _builder_version=&#8220;4.21.0&#8243; text_text_color=&#8220;gcid-13a34942-ce12-42de-8ff4-bdb618524c37&#8243; text_font_size=&#8220;15px&#8220; text_line_height=&#8220;2em&#8220; link_font=&#8220;||||||||&#8220; link_text_color=&#8220;gcid-718d5725-430b-451c-a0ab-2d5f284aa381&#8243; background_layout=&#8220;dark&#8220; max_height=&#8220;350px&#8220; overflow-y=&#8220;scroll&#8220; hover_enabled=&#8220;0&#8243; global_colors_info=&#8220;{%22gcid-13a34942-ce12-42de-8ff4-bdb618524c37%22:%91%22text_text_color%22%93,%22gcid-718d5725-430b-451c-a0ab-2d5f284aa381%22:%91%22link_text_color%22%93}&#8220; sticky_enabled=&#8220;0&#8243;]<\/p>\n<p>Moin, ich bin Horge. Richtig hei\u00dfe ich J\u00f6rg Stelzer und wohne in einem kleinen Ort in der N\u00e4he von Cuxhaven. Ich bin 50 Jahre alt, bin verheiratet und habe eine tolle Tochter namens Paula. Aufgewachsen und geboren bin ich in Nordenham, einem kleinen Ort an der Weserm\u00fcndung.<\/p>\n<p>Dort habe ich auch meine ersten Erfahrugen mit dem Camping gemacht. Anfangs als Kind nat\u00fcrlich noch mit dem Zelt. Aber der Traum vom Kastenwagen war auch damals schon da.<\/p>\n<p>Wenn ich nicht mit dem Camper unterwegs bin, arbeite ich im Rettungsdienst als Notfallsanit\u00e4ter. So haben langlang und ich uns \u00fcbrigens auch kennengelernt. Wir mussten schnell feststellen, dass wir verdammt viel gemeinsam haben und so war es dann auch kein Wunder, dass wir unabh\u00e4ngig von einander uns pl\u00f6tzlich auf der &#8222;Caravan, Freizeit &amp; Reisen&#8220; in Oldenburg getroffen haben. Wie das genau abgelaufen ist k\u00f6nnt ihr in unserer ersten Folge genauer h\u00f6ren. Auf jeden Fall haben meine Frau, Tochter und ich uns dort auch unser erstes Wohnmobil &#8222;Manny&#8220; gekauft. Das war im Januar 2020. Leider mussten wir dann noch 8 Monate auf ihn warten, aber seitdem sind wir leidenschaftliche Camper und freuen uns \u00fcber jede Gelegenheit, die wir los kommen.<\/p>\n<p>Nat\u00fcrlich erleben wir auch so einiges auf unseren Reisen oder beim Ausbau unseres Kastenwagens. Dies besprechen langlang und ich dann immer ausgiebig, wenn wir uns treffen. So entstand auch die Idee f\u00fcr diesen Podcast. Da wir eh die ganze Zeit von Camping und Kastenwagen quatschen, k\u00f6nnen wir das auch vorm Mikrophon tun.<\/p>\n<p>Ich hoffe, ihr habt Spa\u00df beim H\u00f6ren der Folgen. Wir haben auf jeden Fall sehr viel Spa\u00df sie aufzunehmen.<\/p>\n<p>Gr\u00fc\u00dfe und wir sehen uns unterwegs<\/p>\n<p>Horge<\/p>\n<p>&nbsp;<\/p>\n<p><span>\u00a0<\/span><\/p>\n<p>[\/et_pb_text][et_pb_button button_url=&#8220;mailto:horge@campervandiek.de&#8220; button_text=&#8220;Kontakt Horge&#8220; _builder_version=&#8220;4.21.0&#8243; custom_button=&#8220;on&#8220; button_text_size=&#8220;14px&#8220; button_text_color=&#8220;gcid-5e8ee08b-cef9-470a-ab61-ee6311cda45c&#8220; button_bg_color=&#8220;gcid-718d5725-430b-451c-a0ab-2d5f284aa381&#8243; button_border_color=&#8220;rgba(0,0,0,0)&#8220; button_letter_spacing=&#8220;4px&#8220; button_font=&#8220;Raleway|700||on|||||&#8220; background_layout=&#8220;dark&#8220; custom_padding=&#8220;18px||18px||true|false&#8220; custom_padding_phone=&#8220;|80px||80px||true&#8220; custom_padding_last_edited=&#8220;off|desktop&#8220; locked=&#8220;off&#8220; global_colors_info=&#8220;{%22gcid-718d5725-430b-451c-a0ab-2d5f284aa381%22:%91%22button_bg_color%22%93,%22gcid-5e8ee08b-cef9-470a-ab61-ee6311cda45c%22:%91%22button_text_color%22%93}&#8220; button_text_size__hover_enabled=&#8220;off&#8220; button_one_text_size__hover_enabled=&#8220;off&#8220; button_two_text_size__hover_enabled=&#8220;off&#8220; button_text_color__hover_enabled=&#8220;off&#8220; button_one_text_color__hover_enabled=&#8220;off&#8220; button_two_text_color__hover_enabled=&#8220;off&#8220; button_border_width__hover_enabled=&#8220;off&#8220; button_one_border_width__hover_enabled=&#8220;off&#8220; button_two_border_width__hover_enabled=&#8220;off&#8220; button_border_color__hover_enabled=&#8220;off&#8220; button_one_border_color__hover_enabled=&#8220;off&#8220; button_two_border_color__hover_enabled=&#8220;off&#8220; button_border_radius__hover_enabled=&#8220;off&#8220; button_one_border_radius__hover_enabled=&#8220;off&#8220; button_two_border_radius__hover_enabled=&#8220;off&#8220; button_letter_spacing__hover_enabled=&#8220;off&#8220; button_one_letter_spacing__hover_enabled=&#8220;off&#8220; button_two_letter_spacing__hover_enabled=&#8220;off&#8220; button_bg_color__hover_enabled=&#8220;off&#8220; button_one_bg_color__hover_enabled=&#8220;off&#8220; button_two_bg_color__hover_enabled=&#8220;off&#8220;][\/et_pb_button][\/et_pb_column][\/et_pb_row][\/et_pb_section]<\/p>\n","protected":false},"excerpt":{"rendered":"<p>Kontakt Schreibt uns einfach Ihr habt Fragen oder Ideen f\u00fcr neue Podcastfolgen? Oder Ihr m\u00f6chtet gerne mal Teil einer Folge sein und habt was Interessantes zu erz\u00e4hlen. Schickt uns einfach eine Nachricht und wir melden uns bei Euch.\u00a0Schreibe eine NachrichtNutze einfach rechts das Kontaktformular und schicke uns eine Nachricht. Wir freuen uns von Dir zu [&hellip;]<\/p>\n","protected":false},"author":4,"featured_media":0,"parent":0,"menu_order":0,"comment_status":"closed","ping_status":"closed","template":"","meta":{"_et_pb_use_builder":"on","_et_pb_old_content":"","_et_gb_content_width":"","footnotes":""},"class_list":["post-249","page","type-page","status-publish","hentry"],"yoast_head":"<!-- This site is optimized with the Yoast SEO plugin v27.5 - https:\/\/yoast.com\/product\/yoast-seo-wordpress\/ -->\n<title>Kontakt - Camper Van Diek<\/title>\n<meta name=\"robots\" content=\"index, follow, max-snippet:-1, max-image-preview:large, max-video-preview:-1\" \/>\n<link rel=\"canonical\" href=\"https:\/\/campervandiek.de\/index.php\/kontakt\/\" \/>\n<meta property=\"og:locale\" content=\"de_DE\" \/>\n<meta property=\"og:type\" content=\"article\" \/>\n<meta property=\"og:title\" content=\"Kontakt - Camper Van Diek\" \/>\n<meta property=\"og:description\" content=\"Kontakt Schreibt uns einfach Ihr habt Fragen oder Ideen f\u00fcr neue Podcastfolgen? Oder Ihr m\u00f6chtet gerne mal Teil einer Folge sein und habt was Interessantes zu erz\u00e4hlen. Schickt uns einfach eine Nachricht und wir melden uns bei Euch.\u00a0Schreibe eine NachrichtNutze einfach rechts das Kontaktformular und schicke uns eine Nachricht. Wir freuen uns von Dir zu [&hellip;]\" \/>\n<meta property=\"og:url\" content=\"https:\/\/campervandiek.de\/index.php\/kontakt\/\" \/>\n<meta property=\"og:site_name\" content=\"Camper Van Diek\" \/>\n<meta property=\"article:modified_time\" content=\"2023-05-04T18:14:13+00:00\" \/>\n<meta name=\"twitter:card\" content=\"summary_large_image\" \/>\n<meta name=\"twitter:label1\" content=\"Gesch\u00e4tzte Lesezeit\" \/>\n\t<meta name=\"twitter:data1\" content=\"8\u00a0Minuten\" \/>\n<script type=\"application\/ld+json\" class=\"yoast-schema-graph\">{\"@context\":\"https:\\\/\\\/schema.org\",\"@graph\":[{\"@type\":\"WebPage\",\"@id\":\"https:\\\/\\\/campervandiek.de\\\/index.php\\\/kontakt\\\/\",\"url\":\"https:\\\/\\\/campervandiek.de\\\/index.php\\\/kontakt\\\/\",\"name\":\"Kontakt - Camper Van Diek\",\"isPartOf\":{\"@id\":\"https:\\\/\\\/campervandiek.de\\\/#website\"},\"datePublished\":\"2023-05-03T10:12:34+00:00\",\"dateModified\":\"2023-05-04T18:14:13+00:00\",\"breadcrumb\":{\"@id\":\"https:\\\/\\\/campervandiek.de\\\/index.php\\\/kontakt\\\/#breadcrumb\"},\"inLanguage\":\"de\",\"potentialAction\":[{\"@type\":\"ReadAction\",\"target\":[\"https:\\\/\\\/campervandiek.de\\\/index.php\\\/kontakt\\\/\"]}]},{\"@type\":\"BreadcrumbList\",\"@id\":\"https:\\\/\\\/campervandiek.de\\\/index.php\\\/kontakt\\\/#breadcrumb\",\"itemListElement\":[{\"@type\":\"ListItem\",\"position\":1,\"name\":\"Startseite\",\"item\":\"https:\\\/\\\/campervandiek.de\\\/\"},{\"@type\":\"ListItem\",\"position\":2,\"name\":\"Kontakt\"}]},{\"@type\":\"WebSite\",\"@id\":\"https:\\\/\\\/campervandiek.de\\\/#website\",\"url\":\"https:\\\/\\\/campervandiek.de\\\/\",\"name\":\"Camper Van Diek\",\"description\":\"Der Camping Podcast\",\"potentialAction\":[{\"@type\":\"SearchAction\",\"target\":{\"@type\":\"EntryPoint\",\"urlTemplate\":\"https:\\\/\\\/campervandiek.de\\\/?s={search_term_string}\"},\"query-input\":{\"@type\":\"PropertyValueSpecification\",\"valueRequired\":true,\"valueName\":\"search_term_string\"}}],\"inLanguage\":\"de\"}]}<\/script>\n<!-- \/ Yoast SEO plugin. -->","yoast_head_json":{"title":"Kontakt - Camper Van Diek","robots":{"index":"index","follow":"follow","max-snippet":"max-snippet:-1","max-image-preview":"max-image-preview:large","max-video-preview":"max-video-preview:-1"},"canonical":"https:\/\/campervandiek.de\/index.php\/kontakt\/","og_locale":"de_DE","og_type":"article","og_title":"Kontakt - Camper Van Diek","og_description":"Kontakt Schreibt uns einfach Ihr habt Fragen oder Ideen f\u00fcr neue Podcastfolgen? Oder Ihr m\u00f6chtet gerne mal Teil einer Folge sein und habt was Interessantes zu erz\u00e4hlen. Schickt uns einfach eine Nachricht und wir melden uns bei Euch.\u00a0Schreibe eine NachrichtNutze einfach rechts das Kontaktformular und schicke uns eine Nachricht. Wir freuen uns von Dir zu [&hellip;]","og_url":"https:\/\/campervandiek.de\/index.php\/kontakt\/","og_site_name":"Camper Van Diek","article_modified_time":"2023-05-04T18:14:13+00:00","twitter_card":"summary_large_image","twitter_misc":{"Gesch\u00e4tzte Lesezeit":"8\u00a0Minuten"},"schema":{"@context":"https:\/\/schema.org","@graph":[{"@type":"WebPage","@id":"https:\/\/campervandiek.de\/index.php\/kontakt\/","url":"https:\/\/campervandiek.de\/index.php\/kontakt\/","name":"Kontakt - Camper Van Diek","isPartOf":{"@id":"https:\/\/campervandiek.de\/#website"},"datePublished":"2023-05-03T10:12:34+00:00","dateModified":"2023-05-04T18:14:13+00:00","breadcrumb":{"@id":"https:\/\/campervandiek.de\/index.php\/kontakt\/#breadcrumb"},"inLanguage":"de","potentialAction":[{"@type":"ReadAction","target":["https:\/\/campervandiek.de\/index.php\/kontakt\/"]}]},{"@type":"BreadcrumbList","@id":"https:\/\/campervandiek.de\/index.php\/kontakt\/#breadcrumb","itemListElement":[{"@type":"ListItem","position":1,"name":"Startseite","item":"https:\/\/campervandiek.de\/"},{"@type":"ListItem","position":2,"name":"Kontakt"}]},{"@type":"WebSite","@id":"https:\/\/campervandiek.de\/#website","url":"https:\/\/campervandiek.de\/","name":"Camper Van Diek","description":"Der Camping Podcast","potentialAction":[{"@type":"SearchAction","target":{"@type":"EntryPoint","urlTemplate":"https:\/\/campervandiek.de\/?s={search_term_string}"},"query-input":{"@type":"PropertyValueSpecification","valueRequired":true,"valueName":"search_term_string"}}],"inLanguage":"de"}]}},"_links":{"self":[{"href":"https:\/\/campervandiek.de\/index.php\/wp-json\/wp\/v2\/pages\/249","targetHints":{"allow":["GET"]}}],"collection":[{"href":"https:\/\/campervandiek.de\/index.php\/wp-json\/wp\/v2\/pages"}],"about":[{"href":"https:\/\/campervandiek.de\/index.php\/wp-json\/wp\/v2\/types\/page"}],"author":[{"embeddable":true,"href":"https:\/\/campervandiek.de\/index.php\/wp-json\/wp\/v2\/users\/4"}],"replies":[{"embeddable":true,"href":"https:\/\/campervandiek.de\/index.php\/wp-json\/wp\/v2\/comments?post=249"}],"version-history":[{"count":36,"href":"https:\/\/campervandiek.de\/index.php\/wp-json\/wp\/v2\/pages\/249\/revisions"}],"predecessor-version":[{"id":352,"href":"https:\/\/campervandiek.de\/index.php\/wp-json\/wp\/v2\/pages\/249\/revisions\/352"}],"wp:attachment":[{"href":"https:\/\/campervandiek.de\/index.php\/wp-json\/wp\/v2\/media?parent=249"}],"curies":[{"name":"wp","href":"https:\/\/api.w.org\/{rel}","templated":true}]}}