{"id":103,"date":"2023-04-19T11:36:10","date_gmt":"2023-04-19T11:36:10","guid":{"rendered":"https:\/\/campervandiek.de\/?page_id=103"},"modified":"2026-04-23T03:27:06","modified_gmt":"2026-04-23T03:27:06","slug":"folgen","status":"publish","type":"page","link":"https:\/\/campervandiek.de\/index.php\/folgen\/","title":{"rendered":"Folgen"},"content":{"rendered":"<p>[et_pb_section fb_built=&#8220;1&#8243; admin_label=&#8220;Header&#8220; _builder_version=&#8220;4.17.0&#8243; _module_preset=&#8220;default&#8220; background_color=&#8220;#4f5055&#8243; background_enable_image=&#8220;off&#8220; min_height=&#8220;235.6px&#8220; custom_margin=&#8220;||3px|||&#8220; custom_padding=&#8220;4vw||23px||false|false&#8220; collapsed=&#8220;off&#8220; global_colors_info=&#8220;{}&#8220;][et_pb_row column_structure=&#8220;2_5,3_5&#8243; _builder_version=&#8220;4.20.4&#8243; _module_preset=&#8220;default&#8220; background_image=&#8220;https:\/\/campervandiek.de\/wp-content\/uploads\/2023\/04\/Podcaster-26b-1.png&#8220; background_size=&#8220;contain&#8220; custom_margin=&#8220;||||false|false&#8220; custom_padding=&#8220;0.2%||0.2%||true|false&#8220; background_last_edited=&#8220;on|tablet&#8220; background_size_tablet=&#8220;cover&#8220; global_colors_info=&#8220;{}&#8220;][et_pb_column type=&#8220;2_5&#8243; _builder_version=&#8220;4.17.0&#8243; _module_preset=&#8220;default&#8220; global_colors_info=&#8220;{}&#8220;][et_pb_text _builder_version=&#8220;4.20.4&#8243; _module_preset=&#8220;c16985e1-e0d6-4022-964d-e2bfc04fa633&#8243; text_text_color=&#8220;gcid-13a34942-ce12-42de-8ff4-bdb618524c37&#8243; header_font=&#8220;Sarabun|800|||||||&#8220; header_text_color=&#8220;gcid-13a34942-ce12-42de-8ff4-bdb618524c37&#8243; header_font_size=&#8220;72px&#8220; custom_margin=&#8220;||0px||false|false&#8220; custom_margin_tablet=&#8220;||0px||false|false&#8220; custom_margin_phone=&#8220;&#8220; custom_margin_last_edited=&#8220;on|phone&#8220; header_font_size_tablet=&#8220;40px&#8220; header_font_size_phone=&#8220;24px&#8220; global_colors_info=&#8220;{%22gcid-13a34942-ce12-42de-8ff4-bdb618524c37%22:%91%22text_text_color%22,%22header_text_color%22%93}&#8220;]<\/p>\n<h1>Folgen<\/h1>\n<p>[\/et_pb_text][\/et_pb_column][et_pb_column type=&#8220;3_5&#8243; _builder_version=&#8220;4.17.0&#8243; _module_preset=&#8220;default&#8220; global_colors_info=&#8220;{}&#8220;][et_pb_image src=&#8220;https:\/\/campervandiek.de\/wp-content\/uploads\/2023\/05\/folgenhead-1.png&#8220; title_text=&#8220;folgenhead&#8220; align=&#8220;right&#8220; _builder_version=&#8220;4.21.0&#8243; _module_preset=&#8220;default&#8220; width=&#8220;69%&#8220; global_colors_info=&#8220;{}&#8220;][\/et_pb_image][\/et_pb_column][\/et_pb_row][\/et_pb_section][et_pb_section fb_built=&#8220;1&#8243; admin_label=&#8220;Blog&#8220; _builder_version=&#8220;4.21.0&#8243; _module_preset=&#8220;default&#8220; background_color_gradient_stops=&#8220;gcid-5e8ee08b-cef9-470a-ab61-ee6311cda45c 39%|#eee8d9 100%&#8220; min_height=&#8220;667.8px&#8220; custom_margin=&#8220;-6px|||||&#8220; custom_padding=&#8220;0vw||0||false|false&#8220; collapsed=&#8220;off&#8220; global_colors_info=&#8220;{}&#8220;][et_pb_row _builder_version=&#8220;4.21.0&#8243; _module_preset=&#8220;default&#8220; global_colors_info=&#8220;{}&#8220;][et_pb_column type=&#8220;4_4&#8243; _builder_version=&#8220;4.21.0&#8243; _module_preset=&#8220;default&#8220; global_colors_info=&#8220;{}&#8220;][et_pb_text _builder_version=&#8220;4.21.0&#8243; _module_preset=&#8220;default&#8220; global_colors_info=&#8220;{}&#8220;]<\/p>\n<h2>Camper Van Diek &#8211; die Folgen<\/h2>\n<p>Hier eine \u00dcbersicht \u00fcber alle unsere Podcastfolgen. F\u00fcr mehr Infos zu den einzelnen Folgen wie Fotos und eventuelle Links, klickt einfach auf die Show Notes!!!<\/p>\n<p>[\/et_pb_text][\/et_pb_column][\/et_pb_row][et_pb_row column_structure=&#8220;1_2,1_2&#8243; _builder_version=&#8220;4.21.0&#8243; _module_preset=&#8220;default&#8220; global_colors_info=&#8220;{}&#8220;][et_pb_column type=&#8220;1_2&#8243; _builder_version=&#8220;4.21.0&#8243; _module_preset=&#8220;default&#8220; global_colors_info=&#8220;{}&#8220;][et_pb_code _builder_version=&#8220;4.27.6&#8243; _module_preset=&#8220;default&#8220; background_enable_color=&#8220;off&#8220; background_enable_image=&#8220;off&#8220; background_size=&#8220;contain&#8220; height=&#8220;230px&#8220; hover_enabled=&#8220;0&#8243; global_colors_info=&#8220;{}&#8220; sticky_enabled=&#8220;0&#8243;]<iframe loading=\"lazy\" width=\"100%\" height=\"230\" src=\"https:\/\/letscast.fm\/podcasts\/camper-van-diek-2562199c\/episodes\/disneyland-nous-venons\/iframe-player?size=m\" frameborder=\"0\" scrolling=\"no\" tabindex=\"0\"><\/iframe>[\/et_pb_code][\/et_pb_column][et_pb_column type=&#8220;1_2&#8243; _builder_version=&#8220;4.21.0&#8243; _module_preset=&#8220;default&#8220; global_colors_info=&#8220;{}&#8220;][et_pb_text _builder_version=&#8220;4.27.6&#8243; _module_preset=&#8220;default&#8220; hover_enabled=&#8220;0&#8243; global_colors_info=&#8220;{}&#8220; sticky_enabled=&#8220;0&#8243;]<\/p>\n<h3>Folge 64 &#8211; Disneyland nous venons<\/h3>\n<h4><span>Teil 1<\/span><\/h4>\n<p>In dieser Folge nimmt euch Lang Lang mit auf seine Reise nach Paris \u2013 auf dem Weg ins Disneyland erlebt er dabei so einiges.<\/p>\n<div>\n<div><\/div>\n<\/div>\n<p>[\/et_pb_text][\/et_pb_column][\/et_pb_row][et_pb_row column_structure=&#8220;1_2,1_2&#8243; _builder_version=&#8220;4.21.0&#8243; _module_preset=&#8220;default&#8220; global_colors_info=&#8220;{}&#8220;][et_pb_column type=&#8220;1_2&#8243; _builder_version=&#8220;4.21.0&#8243; _module_preset=&#8220;default&#8220; global_colors_info=&#8220;{}&#8220;][et_pb_code _builder_version=&#8220;4.27.6&#8243; _module_preset=&#8220;default&#8220; background_enable_color=&#8220;off&#8220; background_enable_image=&#8220;off&#8220; background_size=&#8220;contain&#8220; height=&#8220;230px&#8220; global_colors_info=&#8220;{}&#8220;]<iframe loading=\"lazy\" width=\"100%\" height=\"230\" src=\"https:\/\/letscast.fm\/podcasts\/camper-van-diek-2562199c\/episodes\/musikalisch-in-hamburg\/iframe-player?size=m\" frameborder=\"0\" scrolling=\"no\" tabindex=\"0\"><\/iframe>[\/et_pb_code][\/et_pb_column][et_pb_column type=&#8220;1_2&#8243; _builder_version=&#8220;4.21.0&#8243; _module_preset=&#8220;default&#8220; global_colors_info=&#8220;{}&#8220;][et_pb_text _builder_version=&#8220;4.27.6&#8243; _module_preset=&#8220;default&#8220; global_colors_info=&#8220;{}&#8220;]<\/p>\n<h3>Folge 63 &#8211; musikalisch in Hamburg<\/h3>\n<p><span>In dieser Folge ist Horge mit der Familie in der Hansestadt Hamburg unterwegs: Besuch in der Elbphilharmonie, ein unerwartetes Erlebnis im Dunkeln und ein richtig cooler Stellplatz mitten in der Speicherstadt.<\/span><\/p>\n<div>\n<div><\/div>\n<\/div>\n<p>[\/et_pb_text][\/et_pb_column][\/et_pb_row][et_pb_row column_structure=&#8220;1_2,1_2&#8243; _builder_version=&#8220;4.21.0&#8243; _module_preset=&#8220;default&#8220; global_colors_info=&#8220;{}&#8220;][et_pb_column type=&#8220;1_2&#8243; _builder_version=&#8220;4.21.0&#8243; _module_preset=&#8220;default&#8220; global_colors_info=&#8220;{}&#8220;][et_pb_code _builder_version=&#8220;4.27.6&#8243; _module_preset=&#8220;default&#8220; background_enable_color=&#8220;off&#8220; background_enable_image=&#8220;off&#8220; background_size=&#8220;contain&#8220; height=&#8220;230px&#8220; global_colors_info=&#8220;{}&#8220;]<iframe loading=\"lazy\" width=\"100%\" height=\"230\" src=\"https:\/\/letscast.fm\/podcasts\/camper-van-diek-2562199c\/episodes\/die-lange-nacht-der-museen\/iframe-player?size=m\" frameborder=\"0\" scrolling=\"no\" tabindex=\"0\"><\/iframe>[\/et_pb_code][\/et_pb_column][et_pb_column type=&#8220;1_2&#8243; _builder_version=&#8220;4.21.0&#8243; _module_preset=&#8220;default&#8220; global_colors_info=&#8220;{}&#8220;][et_pb_text _builder_version=&#8220;4.27.6&#8243; _module_preset=&#8220;default&#8220; global_colors_info=&#8220;{}&#8220;]<\/p>\n<h3>Folge 62 &#8211; Die lange Nacht der Museen\u00a0<\/h3>\n<h4>in L\u00fcneburg<\/h4>\n<p><span>In dieser Episode nehmen wir Euch mit zu der langen Nacht der Museen in L\u00fcneburg. Wir berichten \u00fcber unsere Erlebnisse und Eindr\u00fccke, w\u00e4hrend wir die Museen durchstreifen.\u00a0<\/span><\/p>\n<div>\n<div><\/div>\n<\/div>\n<p>[\/et_pb_text][\/et_pb_column][\/et_pb_row][et_pb_row column_structure=&#8220;1_2,1_2&#8243; _builder_version=&#8220;4.21.0&#8243; _module_preset=&#8220;default&#8220; global_colors_info=&#8220;{}&#8220;][et_pb_column type=&#8220;1_2&#8243; _builder_version=&#8220;4.21.0&#8243; _module_preset=&#8220;default&#8220; global_colors_info=&#8220;{}&#8220;][et_pb_code _builder_version=&#8220;4.27.5&#8243; _module_preset=&#8220;default&#8220; background_enable_color=&#8220;off&#8220; background_enable_image=&#8220;off&#8220; background_size=&#8220;contain&#8220; height=&#8220;230px&#8220; global_colors_info=&#8220;{}&#8220;]<iframe loading=\"lazy\" width=\"100%\" height=\"230\" src=\"https:\/\/letscast.fm\/podcasts\/camper-van-diek-2562199c\/episodes\/warm-und-kalt\/iframe-player?size=m\" frameborder=\"0\" scrolling=\"no\" tabindex=\"0\"><\/iframe>[\/et_pb_code][\/et_pb_column][et_pb_column type=&#8220;1_2&#8243; _builder_version=&#8220;4.21.0&#8243; _module_preset=&#8220;default&#8220; global_colors_info=&#8220;{}&#8220;][et_pb_text _builder_version=&#8220;4.27.5&#8243; _module_preset=&#8220;default&#8220; global_colors_info=&#8220;{}&#8220;]<\/p>\n<h3>Folge 61 &#8211; Warm und kalt<\/h3>\n<h4>Skifahren im Harz und Stadtbummel durch M\u00fcnster<\/h4>\n<p><span>Dieses Mal kann es unterschiedlicher nicht sein. Langlang zieht es in den Schnee und Horge sucht den Fr\u00fchling.\u00a0<\/span><\/p>\n<div>\n<div><\/div>\n<\/div>\n<p>[\/et_pb_text][\/et_pb_column][\/et_pb_row][et_pb_row column_structure=&#8220;1_2,1_2&#8243; _builder_version=&#8220;4.21.0&#8243; _module_preset=&#8220;default&#8220; global_colors_info=&#8220;{}&#8220;][et_pb_column type=&#8220;1_2&#8243; _builder_version=&#8220;4.21.0&#8243; _module_preset=&#8220;default&#8220; global_colors_info=&#8220;{}&#8220;][et_pb_code _builder_version=&#8220;4.27.5&#8243; _module_preset=&#8220;default&#8220; background_enable_color=&#8220;off&#8220; background_enable_image=&#8220;off&#8220; background_size=&#8220;contain&#8220; height=&#8220;230px&#8220; global_colors_info=&#8220;{}&#8220;]<iframe loading=\"lazy\" width=\"100%\" height=\"230\" src=\"https:\/\/letscast.fm\/podcasts\/camper-van-diek-2562199c\/episodes\/luebeck-die-stadt-der-sieben-tuerme\/iframe-player?size=m\" frameborder=\"0\" scrolling=\"no\" tabindex=\"0\"><\/iframe>[\/et_pb_code][\/et_pb_column][et_pb_column type=&#8220;1_2&#8243; _builder_version=&#8220;4.21.0&#8243; _module_preset=&#8220;default&#8220; global_colors_info=&#8220;{}&#8220;][et_pb_text _builder_version=&#8220;4.27.5&#8243; _module_preset=&#8220;default&#8220; global_colors_info=&#8220;{}&#8220;]<\/p>\n<h3>Folge 60 &#8211; L\u00fcbeck, die Stadt der sieben T\u00fcrme<\/h3>\n<h4>Geburtstagstour 4.0<\/h4>\n<p><span>Es ist mal wieder so weit. Unsere Geburtstagstour steht an. Dieses Mal nicht in den Harz, sondern in die Stadt der sieben T\u00fcrme. In die Hansestadt L\u00fcbeck. Was wir da so erlebt haben und ob wir es geschafft haben, der Legende vom Holstentor zu entkommen, h\u00f6rt ihr in dieser Folge.\u00a0<\/span><\/p>\n<div>\n<div><\/div>\n<\/div>\n<p>[\/et_pb_text][\/et_pb_column][\/et_pb_row][et_pb_row column_structure=&#8220;1_2,1_2&#8243; _builder_version=&#8220;4.21.0&#8243; _module_preset=&#8220;default&#8220; global_colors_info=&#8220;{}&#8220;][et_pb_column type=&#8220;1_2&#8243; _builder_version=&#8220;4.21.0&#8243; _module_preset=&#8220;default&#8220; global_colors_info=&#8220;{}&#8220;][et_pb_code _builder_version=&#8220;4.27.5&#8243; _module_preset=&#8220;default&#8220; background_enable_color=&#8220;off&#8220; background_enable_image=&#8220;off&#8220; background_size=&#8220;contain&#8220; height=&#8220;230px&#8220; global_colors_info=&#8220;{}&#8220;]<iframe loading=\"lazy\" width=\"100%\" height=\"230\" src=\"https:\/\/letscast.fm\/podcasts\/camper-van-diek-2562199c\/episodes\/jahresrueckblick-2025\/iframe-player?size=m\" frameborder=\"0\" scrolling=\"no\" tabindex=\"0\"><\/iframe>[\/et_pb_code][\/et_pb_column][et_pb_column type=&#8220;1_2&#8243; _builder_version=&#8220;4.21.0&#8243; _module_preset=&#8220;default&#8220; global_colors_info=&#8220;{}&#8220;][et_pb_text _builder_version=&#8220;4.27.5&#8243; _module_preset=&#8220;default&#8220; global_colors_info=&#8220;{}&#8220;]<\/p>\n<h3>Folge 59 &#8211; Jahresr\u00fcckblick 2025<\/h3>\n<p><span>In dieser Folge sprechen wir \u00fcber das Jahr 2025. Was haben wir erlebt, wo sind wir \u00fcberall gewesen und welche\u00a0 Neuerungen haben wir uns f\u00fcr Manny und Emil geg\u00f6nnt? Zudem schauen wir schon mal in das Jahr 2026. Was ist geplant?<\/span><\/p>\n<div>\n<div><\/div>\n<\/div>\n<p>[\/et_pb_text][\/et_pb_column][\/et_pb_row][et_pb_row column_structure=&#8220;1_2,1_2&#8243; _builder_version=&#8220;4.21.0&#8243; _module_preset=&#8220;default&#8220; global_colors_info=&#8220;{}&#8220;][et_pb_column type=&#8220;1_2&#8243; _builder_version=&#8220;4.21.0&#8243; _module_preset=&#8220;default&#8220; global_colors_info=&#8220;{}&#8220;][et_pb_code _builder_version=&#8220;4.27.5&#8243; _module_preset=&#8220;default&#8220; background_enable_color=&#8220;off&#8220; background_enable_image=&#8220;off&#8220; background_size=&#8220;contain&#8220; height=&#8220;230px&#8220; global_colors_info=&#8220;{}&#8220;]<iframe loading=\"lazy\" width=\"100%\" height=\"230\" src=\"https:\/\/letscast.fm\/podcasts\/camper-van-diek-2562199c\/episodes\/weihnachtsmarkt-in-celle\/iframe-player?size=m\" frameborder=\"0\" scrolling=\"no\" tabindex=\"0\"><\/iframe>[\/et_pb_code][\/et_pb_column][et_pb_column type=&#8220;1_2&#8243; _builder_version=&#8220;4.21.0&#8243; _module_preset=&#8220;default&#8220; global_colors_info=&#8220;{}&#8220;][et_pb_text _builder_version=&#8220;4.27.5&#8243; _module_preset=&#8220;default&#8220; global_colors_info=&#8220;{}&#8220;]<\/p>\n<h3>Folge 58 &#8211; Weihnachtsmarkt in Celle<\/h3>\n<p><span>In dieser Folge nehmen wir Euch mit auf unseren Besuch auf dem Celler Weihnachtsmarkt. \u00dcber kleine Probleme mit einer Schranke. Jede Menge nette Menschen und lustige Gespr\u00e4che und einfach viel Spa\u00df auf einem kleinen, aber sehr gem\u00fctlichen Weihnachtsmarkt.\u00a0<\/span><\/p>\n<div>\n<div><\/div>\n<\/div>\n<p>[\/et_pb_text][\/et_pb_column][\/et_pb_row][et_pb_row column_structure=&#8220;1_2,1_2&#8243; _builder_version=&#8220;4.21.0&#8243; _module_preset=&#8220;default&#8220; global_colors_info=&#8220;{}&#8220;][et_pb_column type=&#8220;1_2&#8243; _builder_version=&#8220;4.21.0&#8243; _module_preset=&#8220;default&#8220; global_colors_info=&#8220;{}&#8220;][et_pb_code _builder_version=&#8220;4.27.4&#8243; _module_preset=&#8220;default&#8220; background_enable_color=&#8220;off&#8220; background_enable_image=&#8220;off&#8220; background_size=&#8220;contain&#8220; height=&#8220;230px&#8220; global_colors_info=&#8220;{}&#8220;]<iframe loading=\"lazy\" width=\"100%\" height=\"230\" src=\"https:\/\/letscast.fm\/podcasts\/camper-van-diek-2562199c\/episodes\/tipps-fuer-einsteiger-f6a791e4-5f72-4c31-ae7a-55b6c99be82d\/iframe-player?size=m\" frameborder=\"0\" scrolling=\"no\" tabindex=\"0\"><\/iframe>[\/et_pb_code][\/et_pb_column][et_pb_column type=&#8220;1_2&#8243; _builder_version=&#8220;4.21.0&#8243; _module_preset=&#8220;default&#8220; global_colors_info=&#8220;{}&#8220;][et_pb_text _builder_version=&#8220;4.27.4&#8243; _module_preset=&#8220;default&#8220; global_colors_info=&#8220;{}&#8220;]<\/p>\n<h3>Folge 57 &#8211; Tipps f\u00fcr Einsteiger<\/h3>\n<h4>Teil 2<\/h4>\n<p><span>In dieser Folge sprechen wir \u00fcber Tipps, die f\u00fcr Campingneulinge hilfreich sein k\u00f6nnten. Zudem berichten wir, wo wir vielleicht selbst auch schon das eine oder andere Mal selbst gestolpert sind.\u00a0<\/span><\/p>\n<div>\n<div><\/div>\n<\/div>\n<p>[\/et_pb_text][\/et_pb_column][\/et_pb_row][et_pb_row column_structure=&#8220;1_2,1_2&#8243; _builder_version=&#8220;4.21.0&#8243; _module_preset=&#8220;default&#8220; global_colors_info=&#8220;{}&#8220;][et_pb_column type=&#8220;1_2&#8243; _builder_version=&#8220;4.21.0&#8243; _module_preset=&#8220;default&#8220; global_colors_info=&#8220;{}&#8220;][et_pb_code _builder_version=&#8220;4.27.4&#8243; _module_preset=&#8220;default&#8220; background_enable_color=&#8220;off&#8220; background_enable_image=&#8220;off&#8220; background_size=&#8220;contain&#8220; height=&#8220;230px&#8220; global_colors_info=&#8220;{}&#8220;]<iframe loading=\"lazy\" width=\"100%\" height=\"230\" src=\"https:\/\/letscast.fm\/podcasts\/camper-van-diek-2562199c\/episodes\/daenemark\/iframe-player?size=m\" frameborder=\"0\" scrolling=\"no\" tabindex=\"0\"><\/iframe>[\/et_pb_code][\/et_pb_column][et_pb_column type=&#8220;1_2&#8243; _builder_version=&#8220;4.21.0&#8243; _module_preset=&#8220;default&#8220; global_colors_info=&#8220;{}&#8220;][et_pb_text _builder_version=&#8220;4.27.4&#8243; _module_preset=&#8220;default&#8220; global_colors_info=&#8220;{}&#8220;]<\/p>\n<h3>Folge 56 &#8211; D\u00e4nemark\u00a0<br \/>Entspannte Tage im Herbst<\/h3>\n<p><span>In dieser Folge nimmt Horge Euch mit auf seine Herbsttour an die Ostsee und durch D\u00e4nemark. Einfach mal die Seele baumeln lassen und dabei was erleben.\u00a0<\/span><\/p>\n<div>\n<div><\/div>\n<\/div>\n<p>[\/et_pb_text][\/et_pb_column][\/et_pb_row][et_pb_row column_structure=&#8220;1_2,1_2&#8243; _builder_version=&#8220;4.21.0&#8243; _module_preset=&#8220;default&#8220; global_colors_info=&#8220;{}&#8220;][et_pb_column type=&#8220;1_2&#8243; _builder_version=&#8220;4.21.0&#8243; _module_preset=&#8220;default&#8220; global_colors_info=&#8220;{}&#8220;][et_pb_code _builder_version=&#8220;4.27.4&#8243; _module_preset=&#8220;default&#8220; background_enable_color=&#8220;off&#8220; background_enable_image=&#8220;off&#8220; background_size=&#8220;contain&#8220; height=&#8220;230px&#8220; global_colors_info=&#8220;{}&#8220;]<iframe loading=\"lazy\" width=\"100%\" height=\"230\" src=\"https:\/\/letscast.fm\/podcasts\/camper-van-diek-2562199c\/episodes\/berlin-berlin-wir-fahren-nach-berlin\/iframe-player?size=m\" frameborder=\"0\" scrolling=\"no\" tabindex=\"0\"><\/iframe>[\/et_pb_code][\/et_pb_column][et_pb_column type=&#8220;1_2&#8243; _builder_version=&#8220;4.21.0&#8243; _module_preset=&#8220;default&#8220; global_colors_info=&#8220;{}&#8220;][et_pb_text _builder_version=&#8220;4.27.4&#8243; _module_preset=&#8220;default&#8220; global_colors_info=&#8220;{}&#8220;]<\/p>\n<h3>Folge 55 &#8211; Berlin Berlin, wir fahren nach Berlin<\/h3>\n<p><span>Dieses Mal nimmt Euch Langlang mit auf seine Herbsttour durch Berlin. Es gab viel zu sehen und zu entdecken.\u00a0<\/span><\/p>\n<div>\n<div><\/div>\n<\/div>\n<p>[\/et_pb_text][\/et_pb_column][\/et_pb_row][et_pb_row column_structure=&#8220;1_2,1_2&#8243; _builder_version=&#8220;4.21.0&#8243; _module_preset=&#8220;default&#8220; global_colors_info=&#8220;{}&#8220;][et_pb_column type=&#8220;1_2&#8243; _builder_version=&#8220;4.21.0&#8243; _module_preset=&#8220;default&#8220; global_colors_info=&#8220;{}&#8220;][et_pb_code _builder_version=&#8220;4.27.4&#8243; _module_preset=&#8220;default&#8220; background_enable_color=&#8220;off&#8220; background_enable_image=&#8220;off&#8220; background_size=&#8220;contain&#8220; height=&#8220;230px&#8220; global_colors_info=&#8220;{}&#8220;]<iframe loading=\"lazy\" width=\"100%\" height=\"230\" src=\"https:\/\/letscast.fm\/podcasts\/camper-van-diek-2562199c\/episodes\/slowenien-wir-kommen-5e7b7cae-639a-46ec-8fbe-0fd1b8c649db\/iframe-player?size=m\" frameborder=\"0\" scrolling=\"no\" tabindex=\"0\"><\/iframe>[\/et_pb_code][\/et_pb_column][et_pb_column type=&#8220;1_2&#8243; _builder_version=&#8220;4.21.0&#8243; _module_preset=&#8220;default&#8220; global_colors_info=&#8220;{}&#8220;][et_pb_text _builder_version=&#8220;4.27.4&#8243; _module_preset=&#8220;default&#8220; global_colors_info=&#8220;{}&#8220;]<\/p>\n<h3>Folge 54 &#8211; Slowenien, wir kommen<\/h3>\n<h4><span>Teil 4<\/span><\/h4>\n<p><span>In der letzten Folge unserer Slowenienreihe sind wir wieder zusammen unterwegs. Schauen uns zahlreiche Wasserf\u00e4lle an und genie\u00dfen die Landschaft im Triglav Nationalpark. Auf dem R\u00fcckweg machen wir noch einmal in Salzburg Halt, bevor es dann wieder nach Hause geht.<\/span><\/p>\n<div>\n<div><\/div>\n<\/div>\n<p>[\/et_pb_text][\/et_pb_column][\/et_pb_row][et_pb_row column_structure=&#8220;1_2,1_2&#8243; _builder_version=&#8220;4.21.0&#8243; _module_preset=&#8220;default&#8220; global_colors_info=&#8220;{}&#8220;][et_pb_column type=&#8220;1_2&#8243; _builder_version=&#8220;4.21.0&#8243; _module_preset=&#8220;default&#8220; global_colors_info=&#8220;{}&#8220;][et_pb_code _builder_version=&#8220;4.27.4&#8243; _module_preset=&#8220;default&#8220; background_enable_color=&#8220;off&#8220; background_enable_image=&#8220;off&#8220; background_size=&#8220;contain&#8220; height=&#8220;230px&#8220; global_colors_info=&#8220;{}&#8220;]<iframe loading=\"lazy\" width=\"100%\" height=\"230\" src=\"https:\/\/letscast.fm\/podcasts\/camper-van-diek-2562199c\/episodes\/slowenien-wir-kommen-e967d2eb-17f2-4268-9f79-33840c05630e\/iframe-player?size=m\" frameborder=\"0\" scrolling=\"no\" tabindex=\"0\"><\/iframe>[\/et_pb_code][\/et_pb_column][et_pb_column type=&#8220;1_2&#8243; _builder_version=&#8220;4.21.0&#8243; _module_preset=&#8220;default&#8220; global_colors_info=&#8220;{}&#8220;][et_pb_text _builder_version=&#8220;4.27.4&#8243; _module_preset=&#8220;default&#8220; global_colors_info=&#8220;{}&#8220;]<\/p>\n<h3>Folge 53 &#8211; Slowenien, wir kommen<\/h3>\n<h4><span>Teil 3<\/span><\/h4>\n<p><span>In dieser Folge erz\u00e4hlt Horge wie es nach Kroatien weiterging. \u00dcber tolle Landschaften, Stellpl\u00e4tze mit super Essen, verschlafene D\u00f6rfer mit netten Kaffees. Str\u00f6mungsschwimmen und eine wilde Fahrt im Fluss.<\/span><\/p>\n<div>\n<div><\/div>\n<\/div>\n<p>[\/et_pb_text][\/et_pb_column][\/et_pb_row][et_pb_row column_structure=&#8220;1_2,1_2&#8243; _builder_version=&#8220;4.21.0&#8243; _module_preset=&#8220;default&#8220; global_colors_info=&#8220;{}&#8220;][et_pb_column type=&#8220;1_2&#8243; _builder_version=&#8220;4.21.0&#8243; _module_preset=&#8220;default&#8220; global_colors_info=&#8220;{}&#8220;][et_pb_code _builder_version=&#8220;4.27.4&#8243; _module_preset=&#8220;default&#8220; background_enable_color=&#8220;off&#8220; background_enable_image=&#8220;off&#8220; background_size=&#8220;contain&#8220; height=&#8220;230px&#8220; global_colors_info=&#8220;{}&#8220;]<iframe loading=\"lazy\" width=\"100%\" height=\"230\" src=\"https:\/\/letscast.fm\/podcasts\/camper-van-diek-2562199c\/episodes\/slowenien-wir-kommen-6e7dda70-50e6-46e8-ab85-a1fff2841db7\/iframe-player?size=m\" frameborder=\"0\" scrolling=\"no\" tabindex=\"0\"><\/iframe>[\/et_pb_code][\/et_pb_column][et_pb_column type=&#8220;1_2&#8243; _builder_version=&#8220;4.21.0&#8243; _module_preset=&#8220;default&#8220; global_colors_info=&#8220;{}&#8220;][et_pb_text _builder_version=&#8220;4.27.4&#8243; _module_preset=&#8220;default&#8220; global_colors_info=&#8220;{}&#8220;]<\/p>\n<h3>Folge 52 &#8211; Slowenien, wir kommen<\/h3>\n<h4><span>Teil 2<\/span><\/h4>\n<p><span>In Slowenien wurde es uns zu k\u00fchl, deshalb f\u00fchrte uns unsere Reise in dieser Folge weiter Richtung S\u00fcden \u2013 der Sonne entgegen.<\/span><\/p>\n<div>\n<div><\/div>\n<\/div>\n<p>[\/et_pb_text][\/et_pb_column][\/et_pb_row][et_pb_row column_structure=&#8220;1_2,1_2&#8243; _builder_version=&#8220;4.21.0&#8243; _module_preset=&#8220;default&#8220; global_colors_info=&#8220;{}&#8220;][et_pb_column type=&#8220;1_2&#8243; _builder_version=&#8220;4.21.0&#8243; _module_preset=&#8220;default&#8220; global_colors_info=&#8220;{}&#8220;][et_pb_code _builder_version=&#8220;4.27.4&#8243; _module_preset=&#8220;default&#8220; background_enable_color=&#8220;off&#8220; background_enable_image=&#8220;off&#8220; background_size=&#8220;contain&#8220; height=&#8220;230px&#8220; global_colors_info=&#8220;{}&#8220;]<iframe loading=\"lazy\" width=\"100%\" height=\"230\" src=\"https:\/\/letscast.fm\/podcasts\/camper-van-diek-2562199c\/episodes\/slowenien-wir-kommen\/iframe-player?size=m\" frameborder=\"0\" scrolling=\"no\" tabindex=\"0\"><\/iframe>[\/et_pb_code][\/et_pb_column][et_pb_column type=&#8220;1_2&#8243; _builder_version=&#8220;4.21.0&#8243; _module_preset=&#8220;default&#8220; global_colors_info=&#8220;{}&#8220;][et_pb_text _builder_version=&#8220;4.27.4&#8243; _module_preset=&#8220;default&#8220; global_colors_info=&#8220;{}&#8220;]<\/p>\n<h3>Folge 51 &#8211; Slowenien, wir kommen<\/h3>\n<p><span>In dieser Folge berichten wir \u00fcber unseren Slowenien-Urlaub. \u00dcber viele tolle Momente, wie in den H\u00f6hlen von Postojna oder in der Burg von Predjama. Aber auch \u00fcber unsch\u00f6ne Momente in Bled.<\/span><\/p>\n<div>\n<div><\/div>\n<\/div>\n<p>[\/et_pb_text][\/et_pb_column][\/et_pb_row][et_pb_row column_structure=&#8220;1_2,1_2&#8243; _builder_version=&#8220;4.21.0&#8243; _module_preset=&#8220;default&#8220; global_colors_info=&#8220;{}&#8220;][et_pb_column type=&#8220;1_2&#8243; _builder_version=&#8220;4.21.0&#8243; _module_preset=&#8220;default&#8220; global_colors_info=&#8220;{}&#8220;][et_pb_code _builder_version=&#8220;4.27.4&#8243; _module_preset=&#8220;default&#8220; background_enable_color=&#8220;off&#8220; background_enable_image=&#8220;off&#8220; background_size=&#8220;contain&#8220; height=&#8220;230px&#8220; global_colors_info=&#8220;{}&#8220;]<iframe loading=\"lazy\" width=\"100%\" height=\"230\" src=\"https:\/\/letscast.fm\/podcasts\/camper-van-diek-2562199c\/episodes\/wir-haben-jubilaeum\/iframe-player?size=m\" frameborder=\"0\" scrolling=\"no\" tabindex=\"0\"><\/iframe>[\/et_pb_code][\/et_pb_column][et_pb_column type=&#8220;1_2&#8243; _builder_version=&#8220;4.21.0&#8243; _module_preset=&#8220;default&#8220; global_colors_info=&#8220;{}&#8220;][et_pb_text _builder_version=&#8220;4.27.4&#8243; _module_preset=&#8220;default&#8220; global_colors_info=&#8220;{}&#8220;]<\/p>\n<h3>Folge 50 &#8211; Wir haben Jubil\u00e4um<\/h3>\n<p><span>In unserer Jubil\u00e4umsfolge sprechen wir dar\u00fcber, wie alles begann. Und nat\u00fcrlich, wo es vielleicht hingehen soll. Zudem sprechen wir schon \u00fcber unsere Anfahrt nach Slowenien und \u00fcber leichte Startschwierigkeiten. Volle Stellpl\u00e4tze und die ein oder andere Maut.\u00a0<\/span><\/p>\n<div>\n<div><\/div>\n<\/div>\n<p>[\/et_pb_text][\/et_pb_column][\/et_pb_row][et_pb_row column_structure=&#8220;1_2,1_2&#8243; _builder_version=&#8220;4.21.0&#8243; _module_preset=&#8220;default&#8220; global_colors_info=&#8220;{}&#8220;][et_pb_column type=&#8220;1_2&#8243; _builder_version=&#8220;4.21.0&#8243; _module_preset=&#8220;default&#8220; global_colors_info=&#8220;{}&#8220;][et_pb_code _builder_version=&#8220;4.27.4&#8243; _module_preset=&#8220;default&#8220; background_enable_color=&#8220;off&#8220; background_enable_image=&#8220;off&#8220; background_size=&#8220;contain&#8220; height=&#8220;230px&#8220; global_colors_info=&#8220;{}&#8220;]<iframe loading=\"lazy\" width=\"100%\" height=\"230\" src=\"https:\/\/letscast.fm\/podcasts\/camper-van-diek-2562199c\/episodes\/wir-trennen\/iframe-player?size=m\" frameborder=\"0\" scrolling=\"no\" tabindex=\"0\"><\/iframe>[\/et_pb_code][\/et_pb_column][et_pb_column type=&#8220;1_2&#8243; _builder_version=&#8220;4.21.0&#8243; _module_preset=&#8220;default&#8220; global_colors_info=&#8220;{}&#8220;][et_pb_text _builder_version=&#8220;4.27.4&#8243; _module_preset=&#8220;default&#8220; global_colors_info=&#8220;{}&#8220;]<\/p>\n<h3>Folge 49 &#8211; Wir trennen<\/h3>\n<p><span>In dieser Folge sprechen wir \u00fcber unsere Toilette und das machen wir nicht alleine. Wir d\u00fcrfen einen Gast begr\u00fc\u00dfen. Axel vom Abgefahrn Podcast berichtet \u00fcber seine Erfahrungen mit der BioTio 2.0 und Horge \u00fcber seine Erfahrungen mit der Toni TT. Mal sehen, wof\u00fcr Langlang sich entscheidet.\u00a0<\/span><\/p>\n<div>\n<div><\/div>\n<\/div>\n<p>[\/et_pb_text][\/et_pb_column][\/et_pb_row][et_pb_row column_structure=&#8220;1_2,1_2&#8243; _builder_version=&#8220;4.21.0&#8243; _module_preset=&#8220;default&#8220; global_colors_info=&#8220;{}&#8220;][et_pb_column type=&#8220;1_2&#8243; _builder_version=&#8220;4.21.0&#8243; _module_preset=&#8220;default&#8220; global_colors_info=&#8220;{}&#8220;][et_pb_code _builder_version=&#8220;4.27.4&#8243; _module_preset=&#8220;default&#8220; background_enable_color=&#8220;off&#8220; background_enable_image=&#8220;off&#8220; background_size=&#8220;contain&#8220; height=&#8220;230px&#8220; global_colors_info=&#8220;{}&#8220;]<iframe loading=\"lazy\" width=\"100%\" height=\"230\" src=\"https:\/\/letscast.fm\/podcasts\/camper-van-diek-2562199c\/episodes\/vatertagstour-2-0\/iframe-player?size=m\" frameborder=\"0\" scrolling=\"no\" tabindex=\"0\"><\/iframe>[\/et_pb_code][\/et_pb_column][et_pb_column type=&#8220;1_2&#8243; _builder_version=&#8220;4.21.0&#8243; _module_preset=&#8220;default&#8220; global_colors_info=&#8220;{}&#8220;][et_pb_text _builder_version=&#8220;4.27.4&#8243; _module_preset=&#8220;default&#8220; global_colors_info=&#8220;{}&#8220;]<\/p>\n<h3>Folge 48 &#8211; Abenteuer in Soltau und Harlingen<\/h3>\n<p><span>In dieser Folge nehmen wir euch mit auf unsere Vatertagstouren! Langlang erz\u00e4hlt von einem actionreichen Familienausflug in den Heide-Park Soltau, w\u00e4hrend Horge von seiner Zeit in Harlingen (Holland) berichtet \u2013 mit Kitesurfen, Radtouren und einem \u00fcberraschenden Oldtimertreffen. Gute Laune, spannende Erlebnisse und jede Menge Vatertagsvibes \u2013 h\u00f6rt rein!<\/span><\/p>\n<div>\n<div><\/div>\n<\/div>\n<p>[\/et_pb_text][\/et_pb_column][\/et_pb_row][et_pb_row column_structure=&#8220;1_2,1_2&#8243; _builder_version=&#8220;4.21.0&#8243; _module_preset=&#8220;default&#8220; global_colors_info=&#8220;{}&#8220;][et_pb_column type=&#8220;1_2&#8243; _builder_version=&#8220;4.21.0&#8243; _module_preset=&#8220;default&#8220; global_colors_info=&#8220;{}&#8220;][et_pb_code _builder_version=&#8220;4.27.4&#8243; _module_preset=&#8220;default&#8220; background_enable_color=&#8220;off&#8220; background_enable_image=&#8220;off&#8220; background_size=&#8220;contain&#8220; height=&#8220;230px&#8220; global_colors_info=&#8220;{}&#8220;]<iframe loading=\"lazy\" width=\"100%\" height=\"230\" src=\"https:\/\/letscast.fm\/podcasts\/camper-van-diek-2562199c\/episodes\/tipps-fuer-einsteiger\/iframe-player?size=m\" frameborder=\"0\" scrolling=\"no\" tabindex=\"0\"><\/iframe>[\/et_pb_code][\/et_pb_column][et_pb_column type=&#8220;1_2&#8243; _builder_version=&#8220;4.21.0&#8243; _module_preset=&#8220;default&#8220; global_colors_info=&#8220;{}&#8220;][et_pb_text _builder_version=&#8220;4.27.4&#8243; _module_preset=&#8220;default&#8220; global_colors_info=&#8220;{}&#8220;]<\/p>\n<h3>Folge 47 &#8211; Tipps f\u00fcr Einsteiger\u00a0<\/h3>\n<div>\n<p><span>Teil 1<br \/><\/span><span>In dieser Folge sprechen wir \u00fcber Tipps f\u00fcr Einsteiger. Fehler, die wir teilweise selbst gemacht haben und M\u00f6glichkeiten, diese zu umgehen.\u00a0<\/span><\/p>\n<div><\/div>\n<\/div>\n<p>[\/et_pb_text][\/et_pb_column][\/et_pb_row][et_pb_row column_structure=&#8220;1_2,1_2&#8243; _builder_version=&#8220;4.21.0&#8243; _module_preset=&#8220;default&#8220; global_colors_info=&#8220;{}&#8220;][et_pb_column type=&#8220;1_2&#8243; _builder_version=&#8220;4.21.0&#8243; _module_preset=&#8220;default&#8220; global_colors_info=&#8220;{}&#8220;][et_pb_code _builder_version=&#8220;4.27.4&#8243; _module_preset=&#8220;default&#8220; background_enable_color=&#8220;off&#8220; background_enable_image=&#8220;off&#8220; background_size=&#8220;contain&#8220; height=&#8220;230px&#8220; global_colors_info=&#8220;{}&#8220;]<iframe loading=\"lazy\" width=\"100%\" height=\"230\" src=\"https:\/\/letscast.fm\/podcasts\/camper-van-diek-2562199c\/episodes\/der-bullicamper\/iframe-player?size=m\" frameborder=\"0\" scrolling=\"no\" tabindex=\"0\"><\/iframe>[\/et_pb_code][\/et_pb_column][et_pb_column type=&#8220;1_2&#8243; _builder_version=&#8220;4.21.0&#8243; _module_preset=&#8220;default&#8220; global_colors_info=&#8220;{}&#8220;][et_pb_text _builder_version=&#8220;4.27.4&#8243; _module_preset=&#8220;default&#8220; global_colors_info=&#8220;{}&#8220;]<\/p>\n<h3>Folge 46 &#8211; Der Bullicamper<\/h3>\n<div>\n<p><span>In dieser Folge d\u00fcrfen wir einen Gast begr\u00fc\u00dfen. Florian berichtet \u00fcber seinen Bulli, wie er reist und was das Campen mit einem Bulli ausmacht.\u00a0<\/span><\/p>\n<div><\/div>\n<\/div>\n<p>[\/et_pb_text][\/et_pb_column][\/et_pb_row][et_pb_row column_structure=&#8220;1_2,1_2&#8243; _builder_version=&#8220;4.21.0&#8243; _module_preset=&#8220;default&#8220; global_colors_info=&#8220;{}&#8220;][et_pb_column type=&#8220;1_2&#8243; _builder_version=&#8220;4.21.0&#8243; _module_preset=&#8220;default&#8220; global_colors_info=&#8220;{}&#8220;][et_pb_code _builder_version=&#8220;4.27.4&#8243; _module_preset=&#8220;default&#8220; background_enable_color=&#8220;off&#8220; background_enable_image=&#8220;off&#8220; background_size=&#8220;contain&#8220; height=&#8220;230px&#8220; global_colors_info=&#8220;{}&#8220;]<iframe loading=\"lazy\" width=\"100%\" height=\"230\" src=\"https:\/\/letscast.fm\/podcasts\/camper-van-diek-2562199c\/episodes\/auf-nach-luxemburg\/iframe-player?size=m\" frameborder=\"0\" scrolling=\"no\" tabindex=\"0\"><\/iframe>[\/et_pb_code][\/et_pb_column][et_pb_column type=&#8220;1_2&#8243; _builder_version=&#8220;4.21.0&#8243; _module_preset=&#8220;default&#8220; global_colors_info=&#8220;{}&#8220;][et_pb_text _builder_version=&#8220;4.27.4&#8243; _module_preset=&#8220;default&#8220; global_colors_info=&#8220;{}&#8220;]<\/p>\n<h3>Folge 45 &#8211; Auf nach Luxemburg<\/h3>\n<div><span>Dieses Mal erz\u00e4hlt Horge von seiner Reise durch Luxemburg. Er berichtet von tollen Landschaften und Schl\u00f6ssern und dass es manchmal anders kommt, als man denkt.\u00a0<\/span><\/p>\n<div><\/div>\n<\/div>\n<p>[\/et_pb_text][\/et_pb_column][\/et_pb_row][et_pb_row column_structure=&#8220;1_2,1_2&#8243; _builder_version=&#8220;4.21.0&#8243; _module_preset=&#8220;default&#8220; global_colors_info=&#8220;{}&#8220;][et_pb_column type=&#8220;1_2&#8243; _builder_version=&#8220;4.21.0&#8243; _module_preset=&#8220;default&#8220; global_colors_info=&#8220;{}&#8220;][et_pb_code _builder_version=&#8220;4.27.4&#8243; _module_preset=&#8220;default&#8220; background_enable_color=&#8220;off&#8220; background_enable_image=&#8220;off&#8220; background_size=&#8220;contain&#8220; height=&#8220;230px&#8220; global_colors_info=&#8220;{}&#8220;]<iframe loading=\"lazy\" width=\"100%\" height=\"230\" src=\"https:\/\/letscast.fm\/podcasts\/camper-van-diek-2562199c\/episodes\/nederland-hier-komen-we\/iframe-player?size=m\" frameborder=\"0\" scrolling=\"no\" tabindex=\"0\"><\/iframe>[\/et_pb_code][\/et_pb_column][et_pb_column type=&#8220;1_2&#8243; _builder_version=&#8220;4.21.0&#8243; _module_preset=&#8220;default&#8220; global_colors_info=&#8220;{}&#8220;][et_pb_text _builder_version=&#8220;4.27.4&#8243; _module_preset=&#8220;default&#8220; global_colors_info=&#8220;{}&#8220;]<\/p>\n<h3>Folge 44 &#8211; Nederland, hier komen we!<\/h3>\n<div><span>In dieser Episode nimmt LangLang Euch mit auf seine Entdeckungstour durch Holland. Er berichtet \u00fcber K\u00e4se, Holzschuhe, tolle Landschaften und nat\u00fcrlich \u00fcber jede Menge Blumen.\u00a0<\/span><\/div>\n<p>[\/et_pb_text][\/et_pb_column][\/et_pb_row][et_pb_row column_structure=&#8220;1_2,1_2&#8243; _builder_version=&#8220;4.21.0&#8243; _module_preset=&#8220;default&#8220; global_colors_info=&#8220;{}&#8220;][et_pb_column type=&#8220;1_2&#8243; _builder_version=&#8220;4.21.0&#8243; _module_preset=&#8220;default&#8220; global_colors_info=&#8220;{}&#8220;][et_pb_code _builder_version=&#8220;4.27.4&#8243; _module_preset=&#8220;default&#8220; background_enable_color=&#8220;off&#8220; background_enable_image=&#8220;off&#8220; background_size=&#8220;contain&#8220; height=&#8220;230px&#8220; global_colors_info=&#8220;{}&#8220;]<iframe loading=\"lazy\" width=\"100%\" height=\"230\" src=\"https:\/\/letscast.fm\/podcasts\/camper-van-diek-2562199c\/episodes\/horges-neues-autoradio\/iframe-player?size=m\" frameborder=\"0\" scrolling=\"no\" tabindex=\"0\"><\/iframe>[\/et_pb_code][\/et_pb_column][et_pb_column type=&#8220;1_2&#8243; _builder_version=&#8220;4.21.0&#8243; _module_preset=&#8220;default&#8220; global_colors_info=&#8220;{}&#8220;][et_pb_text _builder_version=&#8220;4.27.4&#8243; _module_preset=&#8220;default&#8220; global_colors_info=&#8220;{}&#8220;]<\/p>\n<h3>Folge 43 &#8211; Horges neues Autoradio<\/h3>\n<div><span>In dieser Folge geht es um Horges Autoradio. Ein kleiner Erfahrungsbericht, was das Radio kann und wie er es nutzt.\u00a0 \u00dcber Navigation, CarPlay, DVB + und vieles mehr.\u00a0<\/span><\/div>\n<p>[\/et_pb_text][\/et_pb_column][\/et_pb_row][et_pb_row column_structure=&#8220;1_2,1_2&#8243; _builder_version=&#8220;4.21.0&#8243; _module_preset=&#8220;default&#8220; global_colors_info=&#8220;{}&#8220;][et_pb_column type=&#8220;1_2&#8243; _builder_version=&#8220;4.21.0&#8243; _module_preset=&#8220;default&#8220; global_colors_info=&#8220;{}&#8220;][et_pb_code _builder_version=&#8220;4.27.4&#8243; _module_preset=&#8220;default&#8220; background_enable_color=&#8220;off&#8220; background_enable_image=&#8220;off&#8220; background_size=&#8220;contain&#8220; height=&#8220;230px&#8220; global_colors_info=&#8220;{}&#8220;]<iframe loading=\"lazy\" width=\"100%\" height=\"230\" src=\"https:\/\/letscast.fm\/podcasts\/camper-van-diek-2562199c\/episodes\/feussi-barney-are-back\/iframe-player?size=m\" frameborder=\"0\" scrolling=\"no\" tabindex=\"0\"><\/iframe>[\/et_pb_code][\/et_pb_column][et_pb_column type=&#8220;1_2&#8243; _builder_version=&#8220;4.21.0&#8243; _module_preset=&#8220;default&#8220; global_colors_info=&#8220;{}&#8220;][et_pb_text _builder_version=&#8220;4.27.4&#8243; _module_preset=&#8220;default&#8220; global_colors_info=&#8220;{}&#8220;]<\/p>\n<h3>Folge 42 &#8211; Feussi &amp; Barney are back<\/h3>\n<div><span>Nach zwei Jahren durften wir Feussi wieder in unserem Podcast begr\u00fc\u00dfen. Er berichtet, wie es ihm mit seinem selbst ausgebauten RTW &#8222;Barney&#8220; so ergangen ist und welche Abenteuer sie erlebt haben.<\/span><\/div>\n<p>[\/et_pb_text][\/et_pb_column][\/et_pb_row][et_pb_row column_structure=&#8220;1_2,1_2&#8243; _builder_version=&#8220;4.21.0&#8243; _module_preset=&#8220;default&#8220; global_colors_info=&#8220;{}&#8220;][et_pb_column type=&#8220;1_2&#8243; _builder_version=&#8220;4.21.0&#8243; _module_preset=&#8220;default&#8220; global_colors_info=&#8220;{}&#8220;][et_pb_code _builder_version=&#8220;4.27.4&#8243; _module_preset=&#8220;default&#8220; background_enable_color=&#8220;off&#8220; background_enable_image=&#8220;off&#8220; background_size=&#8220;contain&#8220; height=&#8220;230px&#8220; global_colors_info=&#8220;{}&#8220;]<iframe loading=\"lazy\" width=\"100%\" height=\"230\" src=\"https:\/\/letscast.fm\/podcasts\/camper-van-diek-2562199c\/episodes\/emil-bekommt-ein-neues-dach\/iframe-player?size=m\" frameborder=\"0\" scrolling=\"no\" tabindex=\"0\"><\/iframe>[\/et_pb_code][\/et_pb_column][et_pb_column type=&#8220;1_2&#8243; _builder_version=&#8220;4.21.0&#8243; _module_preset=&#8220;default&#8220; global_colors_info=&#8220;{}&#8220;][et_pb_text _builder_version=&#8220;4.27.4&#8243; _module_preset=&#8220;default&#8220; global_colors_info=&#8220;{}&#8220;]<\/p>\n<h3>Folge 41 &#8211; Emil bekommt ein neues Dach<\/h3>\n<div><span>In dieser Folge sprechen wir \u00fcber Langlangs Aufstelldach und wie Emil ein neues Dach bekommt.\u00a0<\/span><\/div>\n<p>[\/et_pb_text][\/et_pb_column][\/et_pb_row][et_pb_row column_structure=&#8220;1_2,1_2&#8243; _builder_version=&#8220;4.21.0&#8243; _module_preset=&#8220;default&#8220; global_colors_info=&#8220;{}&#8220;][et_pb_column type=&#8220;1_2&#8243; _builder_version=&#8220;4.21.0&#8243; _module_preset=&#8220;default&#8220; global_colors_info=&#8220;{}&#8220;][et_pb_code _builder_version=&#8220;4.27.4&#8243; _module_preset=&#8220;default&#8220; background_color=&#8220;RGBA(255,255,255,0)&#8220; background_enable_image=&#8220;off&#8220; background_size=&#8220;contain&#8220; height=&#8220;230px&#8220; global_colors_info=&#8220;{}&#8220;]<iframe loading=\"lazy\" width=\"100%\" height=\"230\" src=\"https:\/\/letscast.fm\/podcasts\/camper-van-diek-2562199c\/episodes\/geburtstagstour-3-0\/iframe-player?size=m\" frameborder=\"0\" scrolling=\"no\" tabindex=\"0\"><\/iframe>[\/et_pb_code][\/et_pb_column][et_pb_column type=&#8220;1_2&#8243; _builder_version=&#8220;4.21.0&#8243; _module_preset=&#8220;default&#8220; global_colors_info=&#8220;{}&#8220;][et_pb_text _builder_version=&#8220;4.27.4&#8243; _module_preset=&#8220;default&#8220; global_colors_info=&#8220;{}&#8220;]<\/p>\n<h3>Folge 40 &#8211; Geburtstagstour 3.0<\/h3>\n<div><span>In dieser Folge nehmen wir Euch mit auf unsere Geburtstagstour 3.0. Es ging mal wieder in den Harz, bei super Wetter, mit atemberaubenden Ausblicken und jeder Menge Spa\u00df.<\/span><\/div>\n<p>[\/et_pb_text][\/et_pb_column][\/et_pb_row][et_pb_row column_structure=&#8220;1_2,1_2&#8243; _builder_version=&#8220;4.21.0&#8243; _module_preset=&#8220;default&#8220; global_colors_info=&#8220;{}&#8220;][et_pb_column type=&#8220;1_2&#8243; _builder_version=&#8220;4.21.0&#8243; _module_preset=&#8220;default&#8220; global_colors_info=&#8220;{}&#8220;][et_pb_code _builder_version=&#8220;4.27.4&#8243; _module_preset=&#8220;default&#8220; background_color=&#8220;RGBA(255,255,255,0)&#8220; background_enable_image=&#8220;off&#8220; background_size=&#8220;contain&#8220; height=&#8220;230px&#8220; global_colors_info=&#8220;{}&#8220;]<iframe loading=\"lazy\" width=\"100%\" height=\"230\" src=\"https:\/\/letscast.fm\/podcasts\/camper-van-diek-2562199c\/episodes\/auf-der-suche-nach-schnee\/iframe-player?size=m\" frameborder=\"0\" scrolling=\"no\" tabindex=\"0\"><\/iframe>[\/et_pb_code][\/et_pb_column][et_pb_column type=&#8220;1_2&#8243; _builder_version=&#8220;4.21.0&#8243; _module_preset=&#8220;default&#8220; global_colors_info=&#8220;{}&#8220;][et_pb_text _builder_version=&#8220;4.27.4&#8243; _module_preset=&#8220;default&#8220; global_colors_info=&#8220;{}&#8220;]<\/p>\n<h3>Folge 39 &#8211; Auf der Suche nach Schnee<\/h3>\n<div><span>In dieser Folge ging es f\u00fcr Horge und Familie in den Schwarzwald. Ob sie den Schnee gefunden haben, was sie dort so erlebt haben und welche Hindernisse sie vielleicht \u00fcberwinden mussten, erfahrt ihr in dieser Folge.\u00a0<\/span><br \/><span>Auch langlang war mit seiner Familie unterwegs. Freunde besuchen in N\u00fcrnberg. Ob er den Christkindlmarkt gefunden hat und ob es noch Gl\u00fchwein gab, berichtet er in dieser Folge.\u00a0<\/span><\/div>\n<p>[\/et_pb_text][\/et_pb_column][\/et_pb_row][et_pb_row column_structure=&#8220;1_2,1_2&#8243; _builder_version=&#8220;4.21.0&#8243; _module_preset=&#8220;default&#8220; global_colors_info=&#8220;{}&#8220;][et_pb_column type=&#8220;1_2&#8243; _builder_version=&#8220;4.21.0&#8243; _module_preset=&#8220;default&#8220; global_colors_info=&#8220;{}&#8220;][et_pb_code _builder_version=&#8220;4.27.4&#8243; _module_preset=&#8220;default&#8220; background_color=&#8220;RGBA(255,255,255,0)&#8220; background_enable_image=&#8220;off&#8220; background_size=&#8220;contain&#8220; height=&#8220;230px&#8220; global_colors_info=&#8220;{}&#8220;]<iframe loading=\"lazy\" width=\"100%\" height=\"230\" src=\"https:\/\/letscast.fm\/podcasts\/camper-van-diek-2562199c\/episodes\/unser-jahresrueckblick-2024\/iframe-player?size=m\" frameborder=\"0\" scrolling=\"no\" tabindex=\"0\"><\/iframe>[\/et_pb_code][\/et_pb_column][et_pb_column type=&#8220;1_2&#8243; _builder_version=&#8220;4.21.0&#8243; _module_preset=&#8220;default&#8220; global_colors_info=&#8220;{}&#8220;][et_pb_text _builder_version=&#8220;4.27.4&#8243; _module_preset=&#8220;default&#8220; global_colors_info=&#8220;{}&#8220;]<\/p>\n<h3>Folge 38 &#8211; Unser Jahresr\u00fcckblick 2024<\/h3>\n<div><span>In dieser Folge lassen wir das Jahr 2024 noch einmal Revue passieren. Von Januar bis Dezember war doch einiges los letztes Jahr. Viele tolle Urlaube und einige Updates f\u00fcr Manny und Emil. In diesem Sinne: Frohe Weihnachten und kommt gut in das Jahr 2025. Wir h\u00f6ren uns wieder am 30.01.2025.<\/span><\/div>\n<p>[\/et_pb_text][\/et_pb_column][\/et_pb_row][et_pb_row column_structure=&#8220;1_2,1_2&#8243; _builder_version=&#8220;4.21.0&#8243; _module_preset=&#8220;default&#8220; global_colors_info=&#8220;{}&#8220;][et_pb_column type=&#8220;1_2&#8243; _builder_version=&#8220;4.21.0&#8243; _module_preset=&#8220;default&#8220; global_colors_info=&#8220;{}&#8220;][et_pb_code _builder_version=&#8220;4.27.4&#8243; _module_preset=&#8220;default&#8220; background_color=&#8220;RGBA(255,255,255,0)&#8220; background_enable_image=&#8220;off&#8220; background_size=&#8220;contain&#8220; height=&#8220;230px&#8220; global_colors_info=&#8220;{}&#8220;]<iframe loading=\"lazy\" width=\"100%\" height=\"230\" src=\"https:\/\/letscast.fm\/podcasts\/camper-van-diek-2562199c\/episodes\/weihnachtsmarkt-in-stade\/iframe-player?size=m\" frameborder=\"0\" scrolling=\"no\" tabindex=\"0\"><\/iframe>[\/et_pb_code][\/et_pb_column][et_pb_column type=&#8220;1_2&#8243; _builder_version=&#8220;4.21.0&#8243; _module_preset=&#8220;default&#8220; global_colors_info=&#8220;{}&#8220;][et_pb_text _builder_version=&#8220;4.27.4&#8243; _module_preset=&#8220;default&#8220; global_colors_info=&#8220;{}&#8220;]<\/p>\n<h3>Folge 37 &#8211; Weihnachtsmarkt in Stade<\/h3>\n<div><span>Wir nehmen Euch mit auf den Weihnachtsmarkt in Stade.\u00a0<\/span><\/div>\n<p>[\/et_pb_text][\/et_pb_column][\/et_pb_row][et_pb_row column_structure=&#8220;1_2,1_2&#8243; _builder_version=&#8220;4.21.0&#8243; _module_preset=&#8220;default&#8220; global_colors_info=&#8220;{}&#8220;][et_pb_column type=&#8220;1_2&#8243; _builder_version=&#8220;4.21.0&#8243; _module_preset=&#8220;default&#8220; global_colors_info=&#8220;{}&#8220;][et_pb_code _builder_version=&#8220;4.27.3&#8243; _module_preset=&#8220;default&#8220; background_color=&#8220;RGBA(255,255,255,0)&#8220; background_enable_image=&#8220;off&#8220; background_size=&#8220;contain&#8220; height=&#8220;230px&#8220; global_colors_info=&#8220;{}&#8220;]<iframe loading=\"lazy\" width=\"100%\" height=\"230\" src=\"https:\/\/letscast.fm\/podcasts\/camper-van-diek-2562199c\/episodes\/neue-batterien-fuer-emil-manny\/iframe-player?size=m\" frameborder=\"0\" scrolling=\"no\" tabindex=\"0\"><\/iframe>[\/et_pb_code][\/et_pb_column][et_pb_column type=&#8220;1_2&#8243; _builder_version=&#8220;4.21.0&#8243; _module_preset=&#8220;default&#8220; global_colors_info=&#8220;{}&#8220;][et_pb_text _builder_version=&#8220;4.27.3&#8243; _module_preset=&#8220;default&#8220; global_colors_info=&#8220;{}&#8220;]<\/p>\n<h3>Folge 36 &#8211; Neue Batterien f\u00fcr Emil &amp; Manny<\/h3>\n<div><span>In dieser Folge sprechen wir \u00fcber unsere neuen Aufbaubatterien und was wir f\u00fcr Schwierigkeiten beim Einbau hatten. Zudem berichten wir \u00fcber unseren Abstecher auf der Caravan-Messe in Bremen.<\/span><\/div>\n<p>[\/et_pb_text][\/et_pb_column][\/et_pb_row][et_pb_row column_structure=&#8220;1_2,1_2&#8243; _builder_version=&#8220;4.21.0&#8243; _module_preset=&#8220;default&#8220; global_colors_info=&#8220;{}&#8220;][et_pb_column type=&#8220;1_2&#8243; _builder_version=&#8220;4.21.0&#8243; _module_preset=&#8220;default&#8220; global_colors_info=&#8220;{}&#8220;][et_pb_code _builder_version=&#8220;4.27.2&#8243; _module_preset=&#8220;default&#8220; background_color=&#8220;RGBA(255,255,255,0)&#8220; background_enable_image=&#8220;off&#8220; background_size=&#8220;contain&#8220; height=&#8220;230px&#8220; global_colors_info=&#8220;{}&#8220;]<iframe loading=\"lazy\" width=\"100%\" height=\"230\" src=\"https:\/\/letscast.fm\/podcasts\/camper-van-diek-2562199c\/episodes\/durch-wind-und-welle\/iframe-player?size=m\" frameborder=\"0\" scrolling=\"no\" tabindex=\"0\"><\/iframe>[\/et_pb_code][\/et_pb_column][et_pb_column type=&#8220;1_2&#8243; _builder_version=&#8220;4.21.0&#8243; _module_preset=&#8220;default&#8220; global_colors_info=&#8220;{}&#8220;][et_pb_text _builder_version=&#8220;4.27.2&#8243; _module_preset=&#8220;default&#8220; global_colors_info=&#8220;{}&#8220;]<\/p>\n<h3>Folge 35 &#8211; Durch Wind und Welle, ab nach D\u00e4nemark<\/h3>\n<div><span>Auf geht es nach D\u00e4nemark. Auch wenn wir unabh\u00e4ngig voneinander geplant hatten, hat es uns zusammen nach Bl\u00e5vand verschlagen. Danach ging es f\u00fcr Horge weiter Richtung Norden, dem Wind auf der Spur und f\u00fcr langlang ging es Richtung Billund zum Legoland.\u00a0<\/span><\/div>\n<p>[\/et_pb_text][\/et_pb_column][\/et_pb_row][et_pb_row column_structure=&#8220;1_2,1_2&#8243; _builder_version=&#8220;4.21.0&#8243; _module_preset=&#8220;default&#8220; global_colors_info=&#8220;{}&#8220;][et_pb_column type=&#8220;1_2&#8243; _builder_version=&#8220;4.21.0&#8243; _module_preset=&#8220;default&#8220; global_colors_info=&#8220;{}&#8220;][et_pb_code _builder_version=&#8220;4.27.2&#8243; _module_preset=&#8220;default&#8220; background_color=&#8220;RGBA(255,255,255,0)&#8220; background_enable_image=&#8220;off&#8220; background_size=&#8220;contain&#8220; height=&#8220;230px&#8220; global_colors_info=&#8220;{}&#8220;]<iframe loading=\"lazy\" width=\"100%\" height=\"230\" src=\"https:\/\/letscast.fm\/podcasts\/camper-van-diek-2562199c\/episodes\/fahrradtraeger-und-hecktueren-trotzdem-oeffnen\/iframe-player?size=m\" frameborder=\"0\" scrolling=\"no\" tabindex=\"0\"><\/iframe>[\/et_pb_code][\/et_pb_column][et_pb_column type=&#8220;1_2&#8243; _builder_version=&#8220;4.21.0&#8243; _module_preset=&#8220;default&#8220; global_colors_info=&#8220;{}&#8220;][et_pb_text _builder_version=&#8220;4.27.2&#8243; _module_preset=&#8220;default&#8220; global_colors_info=&#8220;{}&#8220;]<\/p>\n<h3>Folge 34 &#8211; Fahrradtr\u00e4ger und Heckt\u00fcren trotzdem \u00f6ffnen<\/h3>\n<div><span>In dieser Folge sprechen wir \u00fcber den neuen Fahrradtr\u00e4ger von Horge, den Uebler H31S. Zudem berichtet Langlang \u00fcber seine L\u00f6sung f\u00fcr mehr Stauraum auf seinem Fahrradtr\u00e4ger.\u00a0<\/span><\/div>\n<p>[\/et_pb_text][\/et_pb_column][\/et_pb_row][et_pb_row column_structure=&#8220;1_2,1_2&#8243; _builder_version=&#8220;4.21.0&#8243; _module_preset=&#8220;default&#8220; global_colors_info=&#8220;{}&#8220;][et_pb_column type=&#8220;1_2&#8243; _builder_version=&#8220;4.21.0&#8243; _module_preset=&#8220;default&#8220; global_colors_info=&#8220;{}&#8220;][et_pb_code _builder_version=&#8220;4.27.2&#8243; _module_preset=&#8220;default&#8220; background_color=&#8220;RGBA(255,255,255,0)&#8220; background_enable_image=&#8220;off&#8220; background_size=&#8220;contain&#8220; height=&#8220;230px&#8220; global_colors_info=&#8220;{}&#8220;]<iframe loading=\"lazy\" width=\"100%\" height=\"230\" src=\"https:\/\/letscast.fm\/podcasts\/camper-van-diek-2562199c\/episodes\/caravan-salon-duesseldorf-2024-c0eee6fa-c451-4689-8363-f7017ca65858\/iframe-player?size=m\" frameborder=\"0\" scrolling=\"no\" tabindex=\"0\"><\/iframe>[\/et_pb_code][\/et_pb_column][et_pb_column type=&#8220;1_2&#8243; _builder_version=&#8220;4.21.0&#8243; _module_preset=&#8220;default&#8220; global_colors_info=&#8220;{}&#8220;][et_pb_text _builder_version=&#8220;4.27.2&#8243; _module_preset=&#8220;default&#8220; global_colors_info=&#8220;{}&#8220;]<\/p>\n<h3>Folge 33 &#8211; Caravan Salon D\u00fcsseldorf 2024<\/h3>\n<h5>Teil 2, und weiter gehts. Halle 9 bis Halle 17<\/h5>\n<div><span>Caravan-Salon D\u00fcsseldorf Teil 2. In dieser Folge laufen wir gemeinsam mit Euch durch die Hallen 9\u201317. Wir unterhalten uns \u00fcber Trockentrenntoiletten und f\u00fcr welches System wir uns vielleicht entschieden haben.\u00a0<\/span><\/div>\n<p>[\/et_pb_text][\/et_pb_column][\/et_pb_row][et_pb_row column_structure=&#8220;1_2,1_2&#8243; _builder_version=&#8220;4.21.0&#8243; _module_preset=&#8220;default&#8220; global_colors_info=&#8220;{}&#8220;][et_pb_column type=&#8220;1_2&#8243; _builder_version=&#8220;4.21.0&#8243; _module_preset=&#8220;default&#8220; global_colors_info=&#8220;{}&#8220;][et_pb_code _builder_version=&#8220;4.27.0&#8243; _module_preset=&#8220;default&#8220; background_color=&#8220;RGBA(255,255,255,0)&#8220; background_enable_image=&#8220;off&#8220; background_size=&#8220;contain&#8220; height=&#8220;230px&#8220; global_colors_info=&#8220;{}&#8220;]<iframe loading=\"lazy\" width=\"100%\" height=\"230\" src=\"https:\/\/letscast.fm\/podcasts\/camper-van-diek-2562199c\/episodes\/caravan-salon-duesseldorf-2024\/iframe-player?size=m\" frameborder=\"0\" scrolling=\"no\" tabindex=\"0\"><\/iframe>[\/et_pb_code][\/et_pb_column][et_pb_column type=&#8220;1_2&#8243; _builder_version=&#8220;4.21.0&#8243; _module_preset=&#8220;default&#8220; global_colors_info=&#8220;{}&#8220;][et_pb_text _builder_version=&#8220;4.27.0&#8243; _module_preset=&#8220;default&#8220; global_colors_info=&#8220;{}&#8220;]<\/p>\n<h3>Folge 32 &#8211; Caravan Salon D\u00fcsseldorf 2024<\/h3>\n<h5>Teil 1, wie wir die ersten 7 Hallen durchst\u00f6bern<\/h5>\n<div><span>In dieser Folge geht es um unseren Besuch beim Caravan-Salon in D\u00fcsseldorf 2024. Was wir so erlebt haben auf P1 und was wir f\u00fcr Ideen und Neuerungen von der Messe mitgebracht haben. Im ersten Teil haben wir es zwar nur bis Halle 7 geschafft&#8230; der Rest kommt in Teil 2.<\/span><\/div>\n<p>[\/et_pb_text][\/et_pb_column][\/et_pb_row][et_pb_row column_structure=&#8220;1_2,1_2&#8243; _builder_version=&#8220;4.21.0&#8243; _module_preset=&#8220;default&#8220; global_colors_info=&#8220;{}&#8220;][et_pb_column type=&#8220;1_2&#8243; _builder_version=&#8220;4.21.0&#8243; _module_preset=&#8220;default&#8220; global_colors_info=&#8220;{}&#8220;][et_pb_code _builder_version=&#8220;4.27.0&#8243; _module_preset=&#8220;default&#8220; background_color=&#8220;RGBA(255,255,255,0)&#8220; background_enable_image=&#8220;off&#8220; background_size=&#8220;contain&#8220; height=&#8220;230px&#8220; global_colors_info=&#8220;{}&#8220;]<iframe loading=\"lazy\" width=\"100%\" height=\"230\" src=\"https:\/\/letscast.fm\/podcasts\/camper-van-diek-2562199c\/episodes\/spiele-am-oder-im-camper\/iframe-player?size=m\" frameborder=\"0\" scrolling=\"no\" tabindex=\"0\"><\/iframe>[\/et_pb_code][\/et_pb_column][et_pb_column type=&#8220;1_2&#8243; _builder_version=&#8220;4.21.0&#8243; _module_preset=&#8220;default&#8220; global_colors_info=&#8220;{}&#8220;][et_pb_text _builder_version=&#8220;4.27.0&#8243; _module_preset=&#8220;default&#8220; global_colors_info=&#8220;{}&#8220;]<\/p>\n<h3>Folge 31 &#8211; Spiele am oder im Camper<\/h3>\n<h5>Spiele Teil 2<\/h5>\n<div><span>In dieser Folge sprechen wir \u00fcber weitere Spiele, die einem beim Camping die Zeit vertreiben. Auch wenn es dieses Mal mehr um Outdoorspiele geht, haben wir nat\u00fcrlich auch unsere neuen Lieblingsspiele f\u00fcr Indoor erg\u00e4nzt.\u00a0<\/span><\/div>\n<p>[\/et_pb_text][\/et_pb_column][\/et_pb_row][et_pb_row column_structure=&#8220;1_2,1_2&#8243; _builder_version=&#8220;4.21.0&#8243; _module_preset=&#8220;default&#8220; global_colors_info=&#8220;{}&#8220;][et_pb_column type=&#8220;1_2&#8243; _builder_version=&#8220;4.21.0&#8243; _module_preset=&#8220;default&#8220; global_colors_info=&#8220;{}&#8220;][et_pb_code _builder_version=&#8220;4.27.0&#8243; _module_preset=&#8220;default&#8220; background_color=&#8220;RGBA(255,255,255,0)&#8220; background_enable_image=&#8220;off&#8220; background_size=&#8220;contain&#8220; height=&#8220;230px&#8220; global_colors_info=&#8220;{}&#8220;]<iframe loading=\"lazy\" width=\"100%\" height=\"230\" src=\"https:\/\/letscast.fm\/podcasts\/camper-van-diek-2562199c\/episodes\/familienurlaub-oder-doch-der-normale-vansinn\/iframe-player?size=m\" frameborder=\"0\" scrolling=\"no\" tabindex=\"0\"><\/iframe>[\/et_pb_code][\/et_pb_column][et_pb_column type=&#8220;1_2&#8243; _builder_version=&#8220;4.21.0&#8243; _module_preset=&#8220;default&#8220; global_colors_info=&#8220;{}&#8220;][et_pb_text _builder_version=&#8220;4.27.0&#8243; _module_preset=&#8220;default&#8220; global_colors_info=&#8220;{}&#8220;]<\/p>\n<h3>Folge 30 &#8211; Familienurlaub oder doch der normale Vansinn.<\/h3>\n<h5>Urlaub mit dem Camper auf engen Raum<\/h5>\n<div><span>In dieser Folge sprechen wir, wie es ist, mit der Familie auf engsten Raum zu reisen. Was gut funktioniert und was wir vielleicht erst lernen mussten.\u00a0<\/span><\/div>\n<p>[\/et_pb_text][\/et_pb_column][\/et_pb_row][et_pb_row column_structure=&#8220;1_2,1_2&#8243; _builder_version=&#8220;4.21.0&#8243; _module_preset=&#8220;default&#8220; global_colors_info=&#8220;{}&#8220;][et_pb_column type=&#8220;1_2&#8243; _builder_version=&#8220;4.21.0&#8243; _module_preset=&#8220;default&#8220; global_colors_info=&#8220;{}&#8220;][et_pb_code _builder_version=&#8220;4.27.0&#8243; _module_preset=&#8220;default&#8220; background_color=&#8220;RGBA(255,255,255,0)&#8220; background_enable_image=&#8220;off&#8220; background_size=&#8220;contain&#8220; height=&#8220;230px&#8220; global_colors_info=&#8220;{}&#8220;]<iframe loading=\"lazy\" width=\"100%\" height=\"230\" src=\"https:\/\/letscast.fm\/podcasts\/camper-van-diek-2562199c\/episodes\/dolce-vita-sommer-2024-6e792072-3484-47d7-b048-367e9d409d5e\/iframe-player?size=m\" frameborder=\"0\" scrolling=\"no\" tabindex=\"0\"><\/iframe>[\/et_pb_code][\/et_pb_column][et_pb_column type=&#8220;1_2&#8243; _builder_version=&#8220;4.21.0&#8243; _module_preset=&#8220;default&#8220; global_colors_info=&#8220;{}&#8220;][et_pb_text _builder_version=&#8220;4.27.0&#8243; _module_preset=&#8220;default&#8220; global_colors_info=&#8220;{}&#8220;]<\/p>\n<h3>Folge 29 &#8211; Dolce Vita Sommer 2024.<\/h3>\n<h5>Italienreise Teil 2<\/h5>\n<div><span>Und weiter geht\u2019s. Im zweiten Teil unserer Italienreise berichten wir \u00fcber Cluburlaub in Lido und von der Insel Elba. Nat\u00fcrlich gab es auch das ein oder andere kleine Hindernis.<\/span><\/div>\n<p>[\/et_pb_text][\/et_pb_column][\/et_pb_row][et_pb_row column_structure=&#8220;1_2,1_2&#8243; _builder_version=&#8220;4.21.0&#8243; _module_preset=&#8220;default&#8220; global_colors_info=&#8220;{}&#8220;][et_pb_column type=&#8220;1_2&#8243; _builder_version=&#8220;4.21.0&#8243; _module_preset=&#8220;default&#8220; global_colors_info=&#8220;{}&#8220;][et_pb_code _builder_version=&#8220;4.27.0&#8243; _module_preset=&#8220;default&#8220; background_color=&#8220;RGBA(255,255,255,0)&#8220; background_enable_image=&#8220;off&#8220; background_size=&#8220;contain&#8220; height=&#8220;230px&#8220; global_colors_info=&#8220;{}&#8220;]<iframe loading=\"lazy\" width=\"100%\" height=\"230\" src=\"https:\/\/letscast.fm\/podcasts\/camper-van-diek-2562199c\/episodes\/dolce-vita-sommer-2024\/iframe-player?size=m\" frameborder=\"0\" scrolling=\"no\" tabindex=\"0\"><\/iframe>[\/et_pb_code][\/et_pb_column][et_pb_column type=&#8220;1_2&#8243; _builder_version=&#8220;4.21.0&#8243; _module_preset=&#8220;default&#8220; global_colors_info=&#8220;{}&#8220;][et_pb_text _builder_version=&#8220;4.27.0&#8243; _module_preset=&#8220;default&#8220; global_colors_info=&#8220;{}&#8220;]<\/p>\n<h3>Folge 28 &#8211; Dolce Vita Sommer 2024.<\/h3>\n<h5>Italienreise Teil 1<\/h5>\n<div><span>Zur\u00fcck aus der Sommerpause berichten wir \u00fcber unseren Italien-Urlaub Teil 1. In diesem Teil waren wir zusammen unterwegs und haben einiges erlebt. Sup fahren auf dem Lago di Maggiore oder Eisessen in Florenz. Zudem hatte Manny eine unsch\u00f6ne Begegnung mit einem Fiat Panda.<\/span><\/div>\n<p>[\/et_pb_text][\/et_pb_column][\/et_pb_row][et_pb_row column_structure=&#8220;1_2,1_2&#8243; _builder_version=&#8220;4.21.0&#8243; _module_preset=&#8220;default&#8220; global_colors_info=&#8220;{}&#8220;][et_pb_column type=&#8220;1_2&#8243; _builder_version=&#8220;4.21.0&#8243; _module_preset=&#8220;default&#8220; global_colors_info=&#8220;{}&#8220;][et_pb_code _builder_version=&#8220;4.25.2&#8243; _module_preset=&#8220;default&#8220; background_color=&#8220;RGBA(255,255,255,0)&#8220; background_enable_image=&#8220;off&#8220; background_size=&#8220;contain&#8220; height=&#8220;230px&#8220; global_colors_info=&#8220;{}&#8220;]<iframe loading=\"lazy\" width=\"100%\" height=\"230\" src=\"https:\/\/letscast.fm\/podcasts\/camper-van-diek-2562199c\/episodes\/fonsstock-festival-und-podcasttreffen-enkirch\/iframe-player?size=m\" frameborder=\"0\" scrolling=\"no\" tabindex=\"0\"><\/iframe>[\/et_pb_code][\/et_pb_column][et_pb_column type=&#8220;1_2&#8243; _builder_version=&#8220;4.21.0&#8243; _module_preset=&#8220;default&#8220; global_colors_info=&#8220;{}&#8220;][et_pb_text _builder_version=&#8220;4.25.2&#8243; _module_preset=&#8220;default&#8220; global_colors_info=&#8220;{}&#8220;]<\/p>\n<h3>Folge 27 &#8211; Fonsstock-Festival und Podcasttreffen\u00a0<\/h3>\n<div><span>In dieser Folge war Horge auf Tour und wir sprechen \u00fcber Fonsstock, ein Punk und Ska Festival am Weserstrand. Und \u00fcber ein Podcasttreffen in Enkirch direkt an der Mosel.<\/span><\/div>\n<p>[\/et_pb_text][\/et_pb_column][\/et_pb_row][et_pb_row column_structure=&#8220;1_2,1_2&#8243; _builder_version=&#8220;4.21.0&#8243; _module_preset=&#8220;default&#8220; global_colors_info=&#8220;{}&#8220;][et_pb_column type=&#8220;1_2&#8243; _builder_version=&#8220;4.21.0&#8243; _module_preset=&#8220;default&#8220; global_colors_info=&#8220;{}&#8220;][et_pb_code _builder_version=&#8220;4.25.1&#8243; _module_preset=&#8220;default&#8220; background_color=&#8220;RGBA(255,255,255,0)&#8220; background_enable_image=&#8220;off&#8220; background_size=&#8220;contain&#8220; height=&#8220;230px&#8220; global_colors_info=&#8220;{}&#8220;]<iframe loading=\"lazy\" width=\"100%\" height=\"230\" src=\"https:\/\/letscast.fm\/podcasts\/camper-van-diek-2562199c\/episodes\/manny-emil-kommen-in-die-jahre\/iframe-player?size=m\" frameborder=\"0\" scrolling=\"no\" tabindex=\"0\"><\/iframe>[\/et_pb_code][\/et_pb_column][et_pb_column type=&#8220;1_2&#8243; _builder_version=&#8220;4.21.0&#8243; _module_preset=&#8220;default&#8220; global_colors_info=&#8220;{}&#8220;][et_pb_text _builder_version=&#8220;4.25.1&#8243; _module_preset=&#8220;default&#8220; global_colors_info=&#8220;{}&#8220;]<\/p>\n<h3>Folge 26 &#8211; Manny &amp; Emil kommen in die Jahre.<\/h3>\n<div><span>In dieser Folge sprechen wir \u00fcber Manny &amp; Emil und was wir in den ersten vier bzw. drei Jahren f\u00fcr Probleme oder Problemchen hatten. Was ging kaputt und was mussten wir reparieren oder eventuell umbauen oder \u00e4ndern.\u00a0<\/span><\/div>\n<p>[\/et_pb_text][\/et_pb_column][\/et_pb_row][et_pb_row column_structure=&#8220;1_2,1_2&#8243; _builder_version=&#8220;4.21.0&#8243; _module_preset=&#8220;default&#8220; global_colors_info=&#8220;{}&#8220;][et_pb_column type=&#8220;1_2&#8243; _builder_version=&#8220;4.21.0&#8243; _module_preset=&#8220;default&#8220; global_colors_info=&#8220;{}&#8220;][et_pb_code _builder_version=&#8220;4.25.1&#8243; _module_preset=&#8220;default&#8220; background_color=&#8220;RGBA(255,255,255,0)&#8220; background_enable_image=&#8220;off&#8220; background_size=&#8220;contain&#8220; height=&#8220;230px&#8220; global_colors_info=&#8220;{}&#8220;]<iframe loading=\"lazy\" width=\"100%\" height=\"230\" src=\"https:\/\/letscast.fm\/podcasts\/camper-van-diek-2562199c\/episodes\/langlang-horge-auf-tour-am-christi-himmelfahrtswochenende\/iframe-player?size=m\" frameborder=\"0\" scrolling=\"no\" tabindex=\"0\"><\/iframe>[\/et_pb_code][\/et_pb_column][et_pb_column type=&#8220;1_2&#8243; _builder_version=&#8220;4.21.0&#8243; _module_preset=&#8220;default&#8220; global_colors_info=&#8220;{}&#8220;][et_pb_text _builder_version=&#8220;4.25.1&#8243; _module_preset=&#8220;default&#8220; global_colors_info=&#8220;{}&#8220;]<\/p>\n<h3>Folge 25 &#8211; On Tour am Christi-Himmelfahrtswochenende.<\/h3>\n<div><span>Dieses Mal sprechen wir \u00fcber unsere Campingpl\u00e4tze, wo wir \u00fcber das Christi-Himmelfahrtswochenende waren. Langlang war in der Wingst und Horge in der L\u00fcneburger Heide. Was wir dort erlebt haben und \u00fcber manch anderes kurioses Erlebnis erfahrt Ihr in dieser Folge.\u00a0<\/span><\/div>\n<p>[\/et_pb_text][\/et_pb_column][\/et_pb_row][et_pb_row column_structure=&#8220;1_2,1_2&#8243; _builder_version=&#8220;4.21.0&#8243; _module_preset=&#8220;default&#8220; global_colors_info=&#8220;{}&#8220;][et_pb_column type=&#8220;1_2&#8243; _builder_version=&#8220;4.21.0&#8243; _module_preset=&#8220;default&#8220; global_colors_info=&#8220;{}&#8220;][et_pb_code _builder_version=&#8220;4.25.1&#8243; _module_preset=&#8220;default&#8220; background_color=&#8220;RGBA(255,255,255,0)&#8220; background_enable_image=&#8220;off&#8220; background_size=&#8220;contain&#8220; height=&#8220;230px&#8220; global_colors_info=&#8220;{}&#8220;]<iframe loading=\"lazy\" width=\"100%\" height=\"230\" src=\"https:\/\/letscast.fm\/podcasts\/camper-van-diek-2562199c\/episodes\/medizinisch-fit-fuer-den-urlaub\/iframe-player?size=m\" frameborder=\"0\" scrolling=\"no\" tabindex=\"0\"><\/iframe>[\/et_pb_code][\/et_pb_column][et_pb_column type=&#8220;1_2&#8243; _builder_version=&#8220;4.21.0&#8243; _module_preset=&#8220;default&#8220; global_colors_info=&#8220;{}&#8220;][et_pb_text _builder_version=&#8220;4.25.1&#8243; _module_preset=&#8220;default&#8220; global_colors_info=&#8220;{}&#8220;]<\/p>\n<h3>Folge 24 &#8211; Medizinisch fit f\u00fcr den Urlaub.<\/h3>\n<div>In dieser Folge sprechen wir mit Philipp, Notarzt und Hausarzt, \u00fcber unsere Reiseapotheke und was sonst noch so Sinn ergibt, wenn wir im europ\u00e4ischen Ausland unterwegs sind.<\/div>\n<div>Wichtig: Dies ist nur ein Ratgeber. Sprecht mit Eurem Hausarzt, ob die genannten Empfehlungen f\u00fcr Euch passen. Wir kennen nicht jeden H\u00f6rer pers\u00f6nlich und k\u00f6nnen nat\u00fcrlich keine Haftung f\u00fcr eventuelle Risiken oder Nebenwirkungen \u00fcbernehmen.<\/div>\n<div><\/div>\n<div><a href=\"https:\/\/campervandiek.de\/wp-content\/uploads\/2024\/05\/Reiseapotheke-Campen.pdf\" target=\"_blank\" rel=\"noopener\" title=\"Auflistung Reiseapotheke als PDF\">Auflistung Reiseapotheke als PDF<\/a><\/div>\n<div><\/div>\n<div><\/div>\n<p>[\/et_pb_text][\/et_pb_column][\/et_pb_row][et_pb_row column_structure=&#8220;1_2,1_2&#8243; _builder_version=&#8220;4.21.0&#8243; _module_preset=&#8220;default&#8220; global_colors_info=&#8220;{}&#8220;][et_pb_column type=&#8220;1_2&#8243; _builder_version=&#8220;4.21.0&#8243; _module_preset=&#8220;default&#8220; global_colors_info=&#8220;{}&#8220;][et_pb_code _builder_version=&#8220;4.25.0&#8243; _module_preset=&#8220;default&#8220; background_color=&#8220;RGBA(255,255,255,0)&#8220; background_enable_image=&#8220;off&#8220; background_size=&#8220;contain&#8220; height=&#8220;230px&#8220; global_colors_info=&#8220;{}&#8220;]<iframe loading=\"lazy\" width=\"100%\" height=\"230\" src=\"https:\/\/letscast.fm\/podcasts\/camper-van-diek-2562199c\/episodes\/skotti-co\/iframe-player?size=m\" frameborder=\"0\" scrolling=\"no\" tabindex=\"0\"><\/iframe>[\/et_pb_code][\/et_pb_column][et_pb_column type=&#8220;1_2&#8243; _builder_version=&#8220;4.21.0&#8243; _module_preset=&#8220;default&#8220; global_colors_info=&#8220;{}&#8220;][et_pb_text _builder_version=&#8220;4.25.0&#8243; _module_preset=&#8220;default&#8220; global_colors_info=&#8220;{}&#8220;]<\/p>\n<h3>Folge 23 &#8211; Skotti &amp; Co.\u00a0<\/h3>\n<p><span>In dieser Folge sprechen wir \u00fcber unsere Erfahrungen mit Skotti, unserem Gasgrill. Probieren den Pizzastein und R\u00e4uchereinsatz aus.\u00a0<\/span><\/p>\n<p>[\/et_pb_text][\/et_pb_column][\/et_pb_row][et_pb_row column_structure=&#8220;1_2,1_2&#8243; _builder_version=&#8220;4.21.0&#8243; _module_preset=&#8220;default&#8220; global_colors_info=&#8220;{}&#8220;][et_pb_column type=&#8220;1_2&#8243; _builder_version=&#8220;4.21.0&#8243; _module_preset=&#8220;default&#8220; global_colors_info=&#8220;{}&#8220;][et_pb_code _builder_version=&#8220;4.24.3&#8243; _module_preset=&#8220;default&#8220; background_color=&#8220;RGBA(255,255,255,0)&#8220; background_enable_image=&#8220;off&#8220; background_size=&#8220;contain&#8220; height=&#8220;230px&#8220; global_colors_info=&#8220;{}&#8220;]<iframe loading=\"lazy\" width=\"100%\" height=\"230\" src=\"https:\/\/letscast.fm\/podcasts\/camper-van-diek-2562199c\/episodes\/ab-in-die-toskana\/iframe-player?size=m\" frameborder=\"0\" scrolling=\"no\" tabindex=\"0\"><\/iframe>[\/et_pb_code][\/et_pb_column][et_pb_column type=&#8220;1_2&#8243; _builder_version=&#8220;4.21.0&#8243; _module_preset=&#8220;default&#8220; global_colors_info=&#8220;{}&#8220;][et_pb_text _builder_version=&#8220;4.24.3&#8243; _module_preset=&#8220;default&#8220; global_colors_info=&#8220;{}&#8220;]<\/p>\n<h3>Folge 22 &#8211; Ab in die Toskana<\/h3>\n<p><span>In dieser Folge ist Horge dran, \u00fcber seine Reise in die Toskana zu berichten. Er nimmt uns mit zu den f\u00fcnf D\u00f6rfern Cinque Terre, berichtet \u00fcber anstrengende Wanderungen, \u00fcber eine imposante Stadtmauer in Lucca. Er erz\u00e4hlt, wie er versucht hat, den schiefen Turm in Pisa zu halten und berichtet \u00fcber das Manhattan des Mittelalters. Das mulmige Gef\u00fchl, beinahe ausgeraubt zu werden und eine besondere F\u00fchrung durch Venedig.\u00a0<\/span><\/p>\n<p>[\/et_pb_text][\/et_pb_column][\/et_pb_row][et_pb_row column_structure=&#8220;1_2,1_2&#8243; _builder_version=&#8220;4.21.0&#8243; _module_preset=&#8220;default&#8220; global_colors_info=&#8220;{}&#8220;][et_pb_column type=&#8220;1_2&#8243; _builder_version=&#8220;4.21.0&#8243; _module_preset=&#8220;default&#8220; global_colors_info=&#8220;{}&#8220;][et_pb_code _builder_version=&#8220;4.24.3&#8243; _module_preset=&#8220;default&#8220; background_color=&#8220;RGBA(255,255,255,0)&#8220; background_enable_image=&#8220;off&#8220; background_size=&#8220;contain&#8220; height=&#8220;230px&#8220; global_colors_info=&#8220;{}&#8220;]<iframe loading=\"lazy\" width=\"100%\" height=\"230\" src=\"https:\/\/letscast.fm\/podcasts\/camper-van-diek-2562199c\/episodes\/schweden-im-winter\/iframe-player?size=m\" frameborder=\"0\" scrolling=\"no\" tabindex=\"0\"><\/iframe>[\/et_pb_code][\/et_pb_column][et_pb_column type=&#8220;1_2&#8243; _builder_version=&#8220;4.21.0&#8243; _module_preset=&#8220;default&#8220; global_colors_info=&#8220;{}&#8220;][et_pb_text _builder_version=&#8220;4.24.3&#8243; _module_preset=&#8220;default&#8220; global_colors_info=&#8220;{}&#8220;]<\/p>\n<h3>Folge 21 &#8211; Schweden im Winter<\/h3>\n<p><span>In dieser Folge nimmt langlang uns mit auf seine Reise nach Schweden. Die Suche nach Polarlichtern und dass halt nicht immer alles rund l\u00e4uft.\u00a0<\/span><\/p>\n<p>[\/et_pb_text][\/et_pb_column][\/et_pb_row][et_pb_row column_structure=&#8220;1_2,1_2&#8243; _builder_version=&#8220;4.21.0&#8243; _module_preset=&#8220;default&#8220; global_colors_info=&#8220;{}&#8220;][et_pb_column type=&#8220;1_2&#8243; _builder_version=&#8220;4.21.0&#8243; _module_preset=&#8220;default&#8220; global_colors_info=&#8220;{}&#8220;][et_pb_code _builder_version=&#8220;4.24.2&#8243; _module_preset=&#8220;default&#8220; background_color=&#8220;RGBA(255,255,255,0)&#8220; background_enable_image=&#8220;off&#8220; background_size=&#8220;contain&#8220; height=&#8220;230px&#8220; global_colors_info=&#8220;{}&#8220;]<iframe loading=\"lazy\" width=\"100%\" height=\"230\" src=\"https:\/\/letscast.fm\/podcasts\/camper-van-diek-2562199c\/episodes\/jahresvorschau-2024\/iframe-player?size=m\" frameborder=\"0\" scrolling=\"no\" tabindex=\"0\"><\/iframe>[\/et_pb_code][\/et_pb_column][et_pb_column type=&#8220;1_2&#8243; _builder_version=&#8220;4.21.0&#8243; _module_preset=&#8220;default&#8220; global_colors_info=&#8220;{}&#8220;][et_pb_text _builder_version=&#8220;4.24.2&#8243; _module_preset=&#8220;default&#8220; global_colors_info=&#8220;{}&#8220;]<\/p>\n<h3>Folge 20 &#8211; Jahresvorschau 2024<\/h3>\n<p><span>Was planen wir f\u00fcr 2024? In dieser Folge berichten wir \u00fcber unsere Pl\u00e4ne f\u00fcr 2024. Was wir vorhaben und wo es hingehen soll.\u00a0<\/span><\/p>\n<p>[\/et_pb_text][\/et_pb_column][\/et_pb_row][et_pb_row column_structure=&#8220;1_2,1_2&#8243; _builder_version=&#8220;4.21.0&#8243; _module_preset=&#8220;default&#8220; global_colors_info=&#8220;{}&#8220;][et_pb_column type=&#8220;1_2&#8243; _builder_version=&#8220;4.21.0&#8243; _module_preset=&#8220;default&#8220; global_colors_info=&#8220;{}&#8220;][et_pb_code _builder_version=&#8220;4.24.2&#8243; _module_preset=&#8220;default&#8220; background_color=&#8220;RGBA(255,255,255,0)&#8220; background_enable_image=&#8220;off&#8220; background_size=&#8220;contain&#8220; height=&#8220;230px&#8220; global_colors_info=&#8220;{}&#8220;]<iframe loading=\"lazy\" width=\"100%\" height=\"230\" src=\"https:\/\/letscast.fm\/podcasts\/camper-van-diek-2562199c\/episodes\/spiele-im-camper\/iframe-player?size=m\" frameborder=\"0\" scrolling=\"no\" tabindex=\"0\"><\/iframe>[\/et_pb_code][\/et_pb_column][et_pb_column type=&#8220;1_2&#8243; _builder_version=&#8220;4.21.0&#8243; _module_preset=&#8220;default&#8220; global_colors_info=&#8220;{}&#8220;][et_pb_text _builder_version=&#8220;4.24.1&#8243; _module_preset=&#8220;default&#8220; global_colors_info=&#8220;{}&#8220;]<\/p>\n<h3>Folge 19 &#8211; Spiele im Camper<\/h3>\n<p><span>In dieser Folge sprechen wir \u00fcber Spiele im Camper. Welche Gesellschaftsspiele sich gut eignen und welche wir selbst gerne spielen.\u00a0<\/span><\/p>\n<p>[\/et_pb_text][\/et_pb_column][\/et_pb_row][et_pb_row column_structure=&#8220;1_2,1_2&#8243; _builder_version=&#8220;4.21.0&#8243; _module_preset=&#8220;default&#8220; global_colors_info=&#8220;{}&#8220;][et_pb_column type=&#8220;1_2&#8243; _builder_version=&#8220;4.21.0&#8243; _module_preset=&#8220;default&#8220; global_colors_info=&#8220;{}&#8220;][et_pb_code _builder_version=&#8220;4.24.0&#8243; _module_preset=&#8220;default&#8220; background_color=&#8220;RGBA(255,255,255,0)&#8220; background_enable_image=&#8220;off&#8220; background_size=&#8220;contain&#8220; height=&#8220;230px&#8220; global_colors_info=&#8220;{}&#8220;]<iframe loading=\"lazy\" width=\"100%\" height=\"230\" src=\"https:\/\/letscast.fm\/podcasts\/camper-van-diek-2562199c\/episodes\/unsere-lieblingsplaetze\/iframe-player?size=m\" frameborder=\"0\" scrolling=\"no\" tabindex=\"0\"><\/iframe>[\/et_pb_code][\/et_pb_column][et_pb_column type=&#8220;1_2&#8243; _builder_version=&#8220;4.21.0&#8243; _module_preset=&#8220;default&#8220; global_colors_info=&#8220;{}&#8220;][et_pb_text _builder_version=&#8220;4.24.0&#8243; _module_preset=&#8220;default&#8220; global_colors_info=&#8220;{}&#8220;]<\/p>\n<h3>Folge 18 &#8211; Unsere Lieblingspl\u00e4tze<\/h3>\n<p><span>In dieser Folgen stellt jeder drei seiner Lieblingsstellpl\u00e4tze oder Campingpl\u00e4tze vor. Uns auf drei zu beschr\u00e4nken, war nicht ganz einfach!!!<\/span><\/p>\n<p>[\/et_pb_text][\/et_pb_column][\/et_pb_row][et_pb_row column_structure=&#8220;1_2,1_2&#8243; _builder_version=&#8220;4.21.0&#8243; _module_preset=&#8220;default&#8220; global_colors_info=&#8220;{}&#8220;][et_pb_column type=&#8220;1_2&#8243; _builder_version=&#8220;4.21.0&#8243; _module_preset=&#8220;default&#8220; global_colors_info=&#8220;{}&#8220;][et_pb_code _builder_version=&#8220;4.24.0&#8243; _module_preset=&#8220;default&#8220; background_color=&#8220;RGBA(255,255,255,0)&#8220; background_enable_image=&#8220;off&#8220; background_size=&#8220;contain&#8220; height=&#8220;230px&#8220; global_colors_info=&#8220;{}&#8220;]<iframe loading=\"lazy\" width=\"100%\" height=\"230\" src=\"https:\/\/letscast.fm\/podcasts\/camper-van-diek-2562199c\/episodes\/rodelwochenende-im-harz\/iframe-player?size=m\" frameborder=\"0\" scrolling=\"no\" tabindex=\"0\"><\/iframe>[\/et_pb_code][\/et_pb_column][et_pb_column type=&#8220;1_2&#8243; _builder_version=&#8220;4.21.0&#8243; _module_preset=&#8220;default&#8220; global_colors_info=&#8220;{}&#8220;][et_pb_text _builder_version=&#8220;4.24.0&#8243; _module_preset=&#8220;default&#8220; global_colors_info=&#8220;{}&#8220;]<\/p>\n<h3>Folge 17 &#8211; Rodelwochenende im Harz<\/h3>\n<p><span>Zur\u00fcck aus der Winterpause mit einem Bericht \u00fcber unser Rodelwochenende im Harz. Probleme mit der Dieselheizung und viel Spa\u00df im Schnee.\u00a0<\/span><\/p>\n<p>[\/et_pb_text][\/et_pb_column][\/et_pb_row][et_pb_row column_structure=&#8220;1_2,1_2&#8243; _builder_version=&#8220;4.21.0&#8243; _module_preset=&#8220;default&#8220; global_colors_info=&#8220;{}&#8220;][et_pb_column type=&#8220;1_2&#8243; _builder_version=&#8220;4.21.0&#8243; _module_preset=&#8220;default&#8220; global_colors_info=&#8220;{}&#8220;][et_pb_code _builder_version=&#8220;4.24.0&#8243; _module_preset=&#8220;default&#8220; background_color=&#8220;RGBA(255,255,255,0)&#8220; background_enable_image=&#8220;off&#8220; background_size=&#8220;contain&#8220; height=&#8220;230px&#8220; global_colors_info=&#8220;{}&#8220;]<iframe loading=\"lazy\" width=\"100%\" height=\"230\" src=\"https:\/\/letscast.fm\/podcasts\/camper-van-diek-2562199c\/episodes\/unser-jahresrueckblick-2023\/iframe-player?size=m\" frameborder=\"0\" scrolling=\"no\" tabindex=\"0\"><\/iframe>[\/et_pb_code][\/et_pb_column][et_pb_column type=&#8220;1_2&#8243; _builder_version=&#8220;4.21.0&#8243; _module_preset=&#8220;default&#8220; global_colors_info=&#8220;{}&#8220;][et_pb_text _builder_version=&#8220;4.23.2&#8243; _module_preset=&#8220;default&#8220; global_colors_info=&#8220;{}&#8220;]<\/p>\n<h3>Folge 16 &#8211; Unser Jahresr\u00fcckblick 2023<\/h3>\n<p><span>In dieser Folge blicken wir auf unser 1. Jahr Podcast zur\u00fcck. Zudem berichten wir \u00fcber unseren Besuch auf dem L\u00fcneburger Weihnachtsmarkt.\u00a0<\/span><\/p>\n<p>[\/et_pb_text][\/et_pb_column][\/et_pb_row][et_pb_row column_structure=&#8220;1_2,1_2&#8243; _builder_version=&#8220;4.21.0&#8243; _module_preset=&#8220;default&#8220; global_colors_info=&#8220;{}&#8220;][et_pb_column type=&#8220;1_2&#8243; _builder_version=&#8220;4.21.0&#8243; _module_preset=&#8220;default&#8220; global_colors_info=&#8220;{}&#8220;][et_pb_code _builder_version=&#8220;4.23.1&#8243; _module_preset=&#8220;default&#8220; background_color=&#8220;RGBA(255,255,255,0)&#8220; background_enable_image=&#8220;off&#8220; background_size=&#8220;contain&#8220; height=&#8220;230px&#8220; global_colors_info=&#8220;{}&#8220;]<iframe loading=\"lazy\" width=\"100%\" height=\"230\" src=\"https:\/\/letscast.fm\/podcasts\/camper-van-diek-2562199c\/episodes\/wintercamping\/iframe-player?size=m\" frameborder=\"0\" scrolling=\"no\" tabindex=\"0\"><\/iframe>[\/et_pb_code][\/et_pb_column][et_pb_column type=&#8220;1_2&#8243; _builder_version=&#8220;4.21.0&#8243; _module_preset=&#8220;default&#8220; global_colors_info=&#8220;{}&#8220;][et_pb_text _builder_version=&#8220;4.23.1&#8243; _module_preset=&#8220;default&#8220; global_colors_info=&#8220;{}&#8220;]<\/p>\n<h3>Folge 15 &#8211; Wintercamping<\/h3>\n<p><span>In dieser Folge sprechen wir \u00fcber das Wintercamping. Wie wir unsere Kasten vorbereitet haben und auf welche Probleme man sto\u00dfen kann. Zudem sprechen wir \u00fcber einen Stellplatz in Hahnenklee und die Winterm\u00f6glichkeiten.\u00a0<\/span><\/p>\n<p>[\/et_pb_text][\/et_pb_column][\/et_pb_row][et_pb_row column_structure=&#8220;1_2,1_2&#8243; _builder_version=&#8220;4.21.0&#8243; _module_preset=&#8220;default&#8220; global_colors_info=&#8220;{}&#8220;][et_pb_column type=&#8220;1_2&#8243; _builder_version=&#8220;4.21.0&#8243; _module_preset=&#8220;default&#8220; global_colors_info=&#8220;{}&#8220;][et_pb_code _builder_version=&#8220;4.23.1&#8243; _module_preset=&#8220;default&#8220; background_enable_image=&#8220;off&#8220; background_size=&#8220;contain&#8220; height=&#8220;230px&#8220; global_colors_info=&#8220;{}&#8220;]<iframe loading=\"lazy\" width=\"100%\" height=\"230\" src=\"https:\/\/letscast.fm\/podcasts\/camper-van-diek-2562199c\/episodes\/besser-geht-s-mit-luftfederung\/iframe-player?size=m\" frameborder=\"0\" scrolling=\"no\" tabindex=\"0\"><\/iframe>[\/et_pb_code][\/et_pb_column][et_pb_column type=&#8220;1_2&#8243; _builder_version=&#8220;4.21.0&#8243; _module_preset=&#8220;default&#8220; global_colors_info=&#8220;{}&#8220;][et_pb_text _builder_version=&#8220;4.23.1&#8243; _module_preset=&#8220;default&#8220; global_colors_info=&#8220;{}&#8220;]<\/p>\n<h3>Folge 14 &#8211; Besser geht\u2019s mit Luftfederung.<\/h3>\n<p><span>In dieser Folge sprechen wir \u00fcber langlang\u2019s Luftfederung. Warum er sie angeschafft hat und wieviel Freude er damit hat und was der ganze Spa\u00df kostet.\u00a0<\/span><\/p>\n<p>[\/et_pb_text][\/et_pb_column][\/et_pb_row][et_pb_row column_structure=&#8220;1_2,1_2&#8243; _builder_version=&#8220;4.21.0&#8243; _module_preset=&#8220;default&#8220; global_colors_info=&#8220;{}&#8220;][et_pb_column type=&#8220;1_2&#8243; _builder_version=&#8220;4.21.0&#8243; _module_preset=&#8220;default&#8220; global_colors_info=&#8220;{}&#8220;][et_pb_code _builder_version=&#8220;4.23.1&#8243; _module_preset=&#8220;default&#8220; background_enable_image=&#8220;off&#8220; background_size=&#8220;contain&#8220; height=&#8220;230px&#8220; global_colors_info=&#8220;{}&#8220;]<iframe loading=\"lazy\" width=\"100%\" height=\"230\" src=\"https:\/\/letscast.fm\/podcasts\/camper-van-diek-2562199c\/episodes\/wechselrichter-oder-powerstation\/iframe-player?size=m\" frameborder=\"0\" scrolling=\"no\" tabindex=\"0\"><\/iframe>[\/et_pb_code][\/et_pb_column][et_pb_column type=&#8220;1_2&#8243; _builder_version=&#8220;4.21.0&#8243; _module_preset=&#8220;default&#8220; global_colors_info=&#8220;{}&#8220;][et_pb_text _builder_version=&#8220;4.23.1&#8243; _module_preset=&#8220;default&#8220; global_colors_info=&#8220;{}&#8220;]<\/p>\n<h3>Folge 13 &#8211; Wechselrichter oder Powerstation<\/h3>\n<p><span>In dieser Folge sprechen wir \u00fcber Wechselrichter und Powerstationen. Was braucht man oder braucht man es \u00fcberhaupt? Und was w\u00fcrden wir heute verbauen.<\/span><\/p>\n<p>[\/et_pb_text][\/et_pb_column][\/et_pb_row][et_pb_row column_structure=&#8220;1_2,1_2&#8243; _builder_version=&#8220;4.21.0&#8243; _module_preset=&#8220;default&#8220; global_colors_info=&#8220;{}&#8220;][et_pb_column type=&#8220;1_2&#8243; _builder_version=&#8220;4.21.0&#8243; _module_preset=&#8220;default&#8220; global_colors_info=&#8220;{}&#8220;][et_pb_code _builder_version=&#8220;4.23&#8243; _module_preset=&#8220;default&#8220; background_enable_image=&#8220;off&#8220; background_size=&#8220;contain&#8220; height=&#8220;230px&#8220; global_colors_info=&#8220;{}&#8220;]<iframe loading=\"lazy\" width=\"100%\" height=\"230\" src=\"https:\/\/letscast.fm\/podcasts\/camper-van-diek-2562199c\/episodes\/wir-bauen-uns-einen-camper\/iframe-player?size=m\" frameborder=\"0\" scrolling=\"no\" tabindex=\"0\"><\/iframe>[\/et_pb_code][\/et_pb_column][et_pb_column type=&#8220;1_2&#8243; _builder_version=&#8220;4.21.0&#8243; _module_preset=&#8220;default&#8220; global_colors_info=&#8220;{}&#8220;][et_pb_text _builder_version=&#8220;4.23&#8243; _module_preset=&#8220;default&#8220; global_colors_info=&#8220;{}&#8220;]<\/p>\n<h3>Folge 12 &#8211; Wir bauen uns einen Camper<\/h3>\n<p><span>In dieser Folge geht es um das Thema Selbstausbau. Da wir beide davon nicht so viel Ahnung haben, haben wir uns zwei G\u00e4ste f\u00fcr diese Sendung eingeladen. Jannis und Mirco. Zwei Arbeitskollegen von uns, die ihre Camper selber ausgebaut haben.\u00a0<\/span><\/p>\n<p>[\/et_pb_text][\/et_pb_column][\/et_pb_row][et_pb_row column_structure=&#8220;1_2,1_2&#8243; _builder_version=&#8220;4.21.0&#8243; _module_preset=&#8220;default&#8220; global_colors_info=&#8220;{}&#8220;][et_pb_column type=&#8220;1_2&#8243; _builder_version=&#8220;4.21.0&#8243; _module_preset=&#8220;default&#8220; global_colors_info=&#8220;{}&#8220;][et_pb_code _builder_version=&#8220;4.22.2&#8243; _module_preset=&#8220;default&#8220; background_enable_image=&#8220;off&#8220; background_size=&#8220;contain&#8220; height=&#8220;230px&#8220; global_colors_info=&#8220;{}&#8220;]<iframe loading=\"lazy\" width=\"100%\" height=\"230\" src=\"https:\/\/letscast.fm\/podcasts\/camper-van-diek-2562199c\/episodes\/daenemark-im-herbst\/iframe-player?size=m\" frameborder=\"0\" scrolling=\"no\" tabindex=\"0\"><\/iframe>[\/et_pb_code][\/et_pb_column][et_pb_column type=&#8220;1_2&#8243; _builder_version=&#8220;4.21.0&#8243; _module_preset=&#8220;default&#8220; global_colors_info=&#8220;{}&#8220;][et_pb_text _builder_version=&#8220;4.22.2&#8243; _module_preset=&#8220;default&#8220; global_colors_info=&#8220;{}&#8220;]<\/p>\n<h3>Folge 11 &#8211; D\u00e4nemark im Herbst<\/h3>\n<p><span>In dieser Folge sprechen wir \u00fcber D\u00e4nemark im Herbst. Unsere pers\u00f6nlichen D\u00e4nemark Highlights und ob wir eher Nordsee- oder Ostseefans sind.<\/span><\/p>\n<p>[\/et_pb_text][\/et_pb_column][\/et_pb_row][et_pb_row column_structure=&#8220;1_2,1_2&#8243; _builder_version=&#8220;4.21.0&#8243; _module_preset=&#8220;default&#8220; global_colors_info=&#8220;{}&#8220;][et_pb_column type=&#8220;1_2&#8243; _builder_version=&#8220;4.21.0&#8243; _module_preset=&#8220;default&#8220; global_colors_info=&#8220;{}&#8220;][et_pb_code _builder_version=&#8220;4.22.2&#8243; _module_preset=&#8220;default&#8220; background_enable_image=&#8220;off&#8220; background_size=&#8220;contain&#8220; height=&#8220;230px&#8220; global_colors_info=&#8220;{}&#8220;]<iframe loading=\"lazy\" width=\"100%\" height=\"230\" src=\"https:\/\/letscast.fm\/podcasts\/camper-van-diek-2562199c\/episodes\/unsere-schwerlastauszuege\/iframe-player?size=m\" frameborder=\"0\" scrolling=\"no\" tabindex=\"0\"><\/iframe>[\/et_pb_code][\/et_pb_column][et_pb_column type=&#8220;1_2&#8243; _builder_version=&#8220;4.21.0&#8243; _module_preset=&#8220;default&#8220; global_colors_info=&#8220;{}&#8220;][et_pb_text _builder_version=&#8220;4.22.2&#8243; _module_preset=&#8220;default&#8220; global_colors_info=&#8220;{}&#8220;]<\/p>\n<h3>Folge 10 &#8211; Unsere Schwerlastausz\u00fcge<\/h3>\n<p><span>In dieser Folge geht es mal wieder um ein Technikthema. Wir berichten \u00fcber unsere selbstgebauten Schwerlastausz\u00fcge. Wie wir sie montiert haben, wo wir die Teile bestellt haben und was der Spa\u00df kostet. Wie immer in den Shownotes findet ihr die Links.\u00a0<\/span><\/p>\n<p>[\/et_pb_text][\/et_pb_column][\/et_pb_row][et_pb_row column_structure=&#8220;1_2,1_2&#8243; _builder_version=&#8220;4.21.0&#8243; _module_preset=&#8220;default&#8220; global_colors_info=&#8220;{}&#8220;][et_pb_column type=&#8220;1_2&#8243; _builder_version=&#8220;4.21.0&#8243; _module_preset=&#8220;default&#8220; global_colors_info=&#8220;{}&#8220;][et_pb_code _builder_version=&#8220;4.22.2&#8243; _module_preset=&#8220;default&#8220; background_enable_image=&#8220;off&#8220; background_size=&#8220;contain&#8220; height=&#8220;230px&#8220; global_colors_info=&#8220;{}&#8220;]<iframe loading=\"lazy\" width=\"100%\" height=\"230\" src=\"https:\/\/letscast.fm\/podcasts\/camper-van-diek-2562199c\/episodes\/frankreich-eine-reise-wert-fc000166-5727-41fc-9a11-e372b3917382\/iframe-player?size=m\" frameborder=\"0\" scrolling=\"no\" tabindex=\"0\"><\/iframe>[\/et_pb_code][\/et_pb_column][et_pb_column type=&#8220;1_2&#8243; _builder_version=&#8220;4.21.0&#8243; _module_preset=&#8220;default&#8220; global_colors_info=&#8220;{}&#8220;][et_pb_text _builder_version=&#8220;4.22.1&#8243; _module_preset=&#8220;default&#8220; global_colors_info=&#8220;{}&#8220;]<\/p>\n<h3>Folge 9 &#8211; Frankreich eine Reise wert &#8211; Teil 2 &#8211;<\/h3>\n<p><span>In dieser Folge berichten wir \u00fcber unsere Frankreichreise. Sehensw\u00fcrdigkeiten in der Bretagne und Normandie wie z.B. Mont Saint Michel, Omaha Beach und Etretat.<\/span><\/p>\n<p>[\/et_pb_text][\/et_pb_column][\/et_pb_row][et_pb_row column_structure=&#8220;1_2,1_2&#8243; _builder_version=&#8220;4.21.0&#8243; _module_preset=&#8220;default&#8220; global_colors_info=&#8220;{}&#8220;][et_pb_column type=&#8220;1_2&#8243; _builder_version=&#8220;4.21.0&#8243; _module_preset=&#8220;default&#8220; global_colors_info=&#8220;{}&#8220;][et_pb_code _builder_version=&#8220;4.22.1&#8243; _module_preset=&#8220;default&#8220; background_enable_image=&#8220;off&#8220; background_size=&#8220;contain&#8220; height=&#8220;230px&#8220; global_colors_info=&#8220;{}&#8220;]<iframe loading=\"lazy\" width=\"100%\" height=\"230\" src=\"https:\/\/letscast.fm\/podcasts\/camper-van-diek-2562199c\/episodes\/camper-van-diek-63ae127e-2ed9-4344-98da-b1bbdbbcaa34\/iframe-player?size=m\" frameborder=\"0\" scrolling=\"no\" tabindex=\"0\"><\/iframe>[\/et_pb_code][\/et_pb_column][et_pb_column type=&#8220;1_2&#8243; _builder_version=&#8220;4.21.0&#8243; _module_preset=&#8220;default&#8220; global_colors_info=&#8220;{}&#8220;][et_pb_text _builder_version=&#8220;4.27.4&#8243; _module_preset=&#8220;default&#8220; global_colors_info=&#8220;{}&#8220;]<\/p>\n<h3>Folge 8 &#8211; Frankreich eine Reise wert &#8211; Teil 1 &#8211;<\/h3>\n<p><span style=\"color: #000000;\">In dieser Folge geht es um unseren Frankreichurlaub. Welche Route sind wir gefahren und was haben wir in den drei Wochen so erlebt. Im ersten Teil dieser zweiteiligen Serie waren wir auf der Dune du Pilat, Concarneau, Bordeaux, Fouras, Gu\u00e9rande, Steinreihen von Carnac und vieles mehr.<\/span><\/p>\n<p>[\/et_pb_text][\/et_pb_column][\/et_pb_row][et_pb_row column_structure=&#8220;1_2,1_2&#8243; _builder_version=&#8220;4.21.0&#8243; _module_preset=&#8220;default&#8220; global_colors_info=&#8220;{}&#8220;][et_pb_column type=&#8220;1_2&#8243; _builder_version=&#8220;4.21.0&#8243; _module_preset=&#8220;default&#8220; global_colors_info=&#8220;{}&#8220;][et_pb_code _builder_version=&#8220;4.22.1&#8243; _module_preset=&#8220;default&#8220; background_enable_image=&#8220;off&#8220; background_size=&#8220;contain&#8220; height=&#8220;230px&#8220; global_colors_info=&#8220;{}&#8220;]<iframe loading=\"lazy\" width=\"100%\" height=\"230\" src=\"https:\/\/letscast.fm\/podcasts\/camper-van-diek-2562199c\/episodes\/campen-im-minicamper\/iframe-player?size=m\" frameborder=\"0\" scrolling=\"no\" tabindex=\"0\"><\/iframe>[\/et_pb_code][\/et_pb_column][et_pb_column type=&#8220;1_2&#8243; _builder_version=&#8220;4.21.0&#8243; _module_preset=&#8220;default&#8220; global_colors_info=&#8220;{}&#8220;][et_pb_text _builder_version=&#8220;4.27.4&#8243; _module_preset=&#8220;default&#8220; global_colors_info=&#8220;{}&#8220;]<\/p>\n<h3>Folge 7 &#8211; Campen im Minicamper<\/h3>\n<p><span style=\"color: #000000;\">In dieser Folge geht es um Minicamper. Wir sind sehr froh unseren ersten Gast begr\u00fc\u00dfen zu d\u00fcrfen, der uns etwas \u00fcber seinen Minicamper erz\u00e4hlt. Wie er ihn ausgebaut hat und was er bisher so mit ihm erlebt hat.\u00a0<\/span><\/p>\n<p>[\/et_pb_text][\/et_pb_column][\/et_pb_row][et_pb_row column_structure=&#8220;1_2,1_2&#8243; _builder_version=&#8220;4.21.0&#8243; _module_preset=&#8220;default&#8220; global_colors_info=&#8220;{}&#8220;][et_pb_column type=&#8220;1_2&#8243; _builder_version=&#8220;4.21.0&#8243; _module_preset=&#8220;default&#8220; global_colors_info=&#8220;{}&#8220;][et_pb_code _builder_version=&#8220;4.21.2&#8243; _module_preset=&#8220;default&#8220; background_enable_image=&#8220;off&#8220; background_size=&#8220;contain&#8220; height=&#8220;230px&#8220; global_colors_info=&#8220;{}&#8220;]<iframe loading=\"lazy\" width=\"100%\" height=\"230\" src=\"https:\/\/letscast.fm\/podcasts\/camper-van-diek-2562199c\/episodes\/trinkwasser-im-camper\/iframe-player?size=m\" frameborder=\"0\" scrolling=\"no\" tabindex=\"0\"><\/iframe>[\/et_pb_code][\/et_pb_column][et_pb_column type=&#8220;1_2&#8243; _builder_version=&#8220;4.21.0&#8243; _module_preset=&#8220;default&#8220; global_colors_info=&#8220;{}&#8220;][et_pb_text _builder_version=&#8220;4.27.4&#8243; _module_preset=&#8220;default&#8220; global_colors_info=&#8220;{}&#8220;]<\/p>\n<h3>Folge 6 &#8211; Trinkwasser im Camper<\/h3>\n<p><span style=\"color: #000000;\">In dieser Folge sprechen wir \u00fcber unser Trinkwasser. Welche Erfahrungen wir mit manchen Aufbereitungsm\u00f6glichkeiten gemacht haben und wie wir im Moment unser Trinkwasser aufbereiten.\u00a0<\/span><\/p>\n<p>[\/et_pb_text][\/et_pb_column][\/et_pb_row][et_pb_row column_structure=&#8220;1_2,1_2&#8243; _builder_version=&#8220;4.21.0&#8243; _module_preset=&#8220;default&#8220; global_colors_info=&#8220;{}&#8220;][et_pb_column type=&#8220;1_2&#8243; _builder_version=&#8220;4.21.0&#8243; _module_preset=&#8220;default&#8220; global_colors_info=&#8220;{}&#8220;][et_pb_code _builder_version=&#8220;4.21.0&#8243; _module_preset=&#8220;default&#8220; background_enable_image=&#8220;off&#8220; background_size=&#8220;contain&#8220; height=&#8220;230px&#8220; global_colors_info=&#8220;{}&#8220;]<iframe loading=\"lazy\" width=\"100%\" height=\"230\" src=\"https:\/\/letscast.fm\/podcasts\/camper-van-diek-2562199c\/episodes\/le-grand-menu\/iframe-player?size=m\" frameborder=\"0\" scrolling=\"no\" tabindex=\"0\"><\/iframe>[\/et_pb_code][\/et_pb_column][et_pb_column type=&#8220;1_2&#8243; _builder_version=&#8220;4.21.0&#8243; _module_preset=&#8220;default&#8220; global_colors_info=&#8220;{}&#8220;][et_pb_text _builder_version=&#8220;4.27.4&#8243; _module_preset=&#8220;default&#8220; global_colors_info=&#8220;{}&#8220;]<\/p>\n<h3>Folge 5 &#8211; Le grand menu<\/h3>\n<p><span style=\"color: #000000;\">In dieser Folgen kochen wir zusammen ein super leckeres Men\u00fc. Direkt aus unseren Frankreichurlaub von der Atlantikk\u00fcste.\u00a0<\/span><\/p>\n<p>[\/et_pb_text][\/et_pb_column][\/et_pb_row][et_pb_row column_structure=&#8220;1_2,1_2&#8243; _builder_version=&#8220;4.21.0&#8243; _module_preset=&#8220;default&#8220; global_colors_info=&#8220;{}&#8220;][et_pb_column type=&#8220;1_2&#8243; _builder_version=&#8220;4.21.0&#8243; _module_preset=&#8220;default&#8220; global_colors_info=&#8220;{}&#8220;][et_pb_code _builder_version=&#8220;4.21.0&#8243; _module_preset=&#8220;default&#8220; background_enable_image=&#8220;off&#8220; background_size=&#8220;contain&#8220; height=&#8220;230px&#8220; global_colors_info=&#8220;{}&#8220;]<iframe loading=\"lazy\" width=\"100%\" height=\"230\" src=\"https:\/\/letscast.fm\/podcasts\/camper-van-diek-2562199c\/episodes\/sicherheit-im-camper\/iframe-player?size=m\" frameborder=\"0\" scrolling=\"no\" tabindex=\"0\"><\/iframe>[\/et_pb_code][\/et_pb_column][et_pb_column type=&#8220;1_2&#8243; _builder_version=&#8220;4.21.0&#8243; _module_preset=&#8220;default&#8220; global_colors_info=&#8220;{}&#8220;][et_pb_text _builder_version=&#8220;4.27.4&#8243; _module_preset=&#8220;default&#8220; global_colors_info=&#8220;{}&#8220;]<\/p>\n<h3>Folge 4 &#8211; Sicherheit im Camper<\/h3>\n<p><span style=\"color: #000000;\">In dieser Folge sprechen wir \u00fcber Sicherheit im Camper und worauf wir achten oder was wir verbaut haben um unsere Camper sicher zu machen.\u00a0<\/span><\/p>\n<p>[\/et_pb_text][\/et_pb_column][\/et_pb_row][et_pb_row column_structure=&#8220;1_2,1_2&#8243; _builder_version=&#8220;4.21.0&#8243; _module_preset=&#8220;default&#8220; global_colors_info=&#8220;{}&#8220;][et_pb_column type=&#8220;1_2&#8243; _builder_version=&#8220;4.21.0&#8243; _module_preset=&#8220;default&#8220; global_colors_info=&#8220;{}&#8220;][et_pb_code _builder_version=&#8220;4.21.0&#8243; _module_preset=&#8220;default&#8220; background_enable_image=&#8220;off&#8220; background_size=&#8220;contain&#8220; height=&#8220;230px&#8220; global_colors_info=&#8220;{}&#8220;]<iframe loading=\"lazy\" width=\"100%\" height=\"230\" src=\"https:\/\/letscast.fm\/podcasts\/camper-van-diek-2562199c\/episodes\/wie-wir-unsere-touren-planen\/iframe-player?size=m\" frameborder=\"0\" scrolling=\"no\" tabindex=\"0\"><\/iframe>[\/et_pb_code][\/et_pb_column][et_pb_column type=&#8220;1_2&#8243; _builder_version=&#8220;4.21.0&#8243; _module_preset=&#8220;default&#8220; global_colors_info=&#8220;{}&#8220;][et_pb_text _builder_version=&#8220;4.27.4&#8243; _module_preset=&#8220;default&#8220; global_colors_info=&#8220;{}&#8220;]<\/p>\n<h3>Folge 3 &#8211; Wie wir unsere Touren planen<\/h3>\n<p><span style=\"color: #000000;\">In dieser Folge sprechen wir dar\u00fcber, wie wie unsere Touren planen, welche Apps wir benutzen oder woher wir unsere Ideen f\u00fcr unsere Touren und Urlaube bekommen. \u00a0<\/span><\/p>\n<p>[\/et_pb_text][\/et_pb_column][\/et_pb_row][et_pb_row column_structure=&#8220;1_2,1_2&#8243; _builder_version=&#8220;4.21.0&#8243; _module_preset=&#8220;default&#8220; global_colors_info=&#8220;{}&#8220;][et_pb_column type=&#8220;1_2&#8243; _builder_version=&#8220;4.21.0&#8243; _module_preset=&#8220;default&#8220; global_colors_info=&#8220;{}&#8220;][et_pb_code _builder_version=&#8220;4.21.0&#8243; _module_preset=&#8220;default&#8220; background_enable_image=&#8220;off&#8220; background_size=&#8220;contain&#8220; height=&#8220;230px&#8220; global_colors_info=&#8220;{}&#8220;]<iframe loading=\"lazy\" width=\"100%\" height=\"230\" src=\"https:\/\/letscast.fm\/podcasts\/camper-van-diek-2562199c\/episodes\/unsere-kastenwagen-manny-emil\/iframe-player?size=m\" frameborder=\"0\" scrolling=\"no\" tabindex=\"0\"><\/iframe>[\/et_pb_code][\/et_pb_column][et_pb_column type=&#8220;1_2&#8243; _builder_version=&#8220;4.21.0&#8243; _module_preset=&#8220;default&#8220; global_colors_info=&#8220;{}&#8220;][et_pb_text _builder_version=&#8220;4.27.4&#8243; _module_preset=&#8220;default&#8220; global_colors_info=&#8220;{}&#8220;]<\/p>\n<h3>Folge 2 &#8211; Manny &amp; Emil unsere Kastenwagen<\/h3>\n<p><span style=\"color: #000000;\">In dieser Folge geht es um unsere Kastenwagen Manny und Emil. Weshalb haben wir uns f\u00fcr die unterschiedlichen Ausbauten entschieden, was war ab Werk drin und was haben wir nachger\u00fcstet.<\/span><\/p>\n<p>[\/et_pb_text][\/et_pb_column][\/et_pb_row][et_pb_row column_structure=&#8220;1_2,1_2&#8243; _builder_version=&#8220;4.21.0&#8243; _module_preset=&#8220;default&#8220; global_colors_info=&#8220;{}&#8220;][et_pb_column type=&#8220;1_2&#8243; _builder_version=&#8220;4.21.0&#8243; _module_preset=&#8220;default&#8220; global_colors_info=&#8220;{}&#8220;][et_pb_code _builder_version=&#8220;4.21.0&#8243; _module_preset=&#8220;default&#8220; background_enable_image=&#8220;off&#8220; background_size=&#8220;contain&#8220; height=&#8220;230px&#8220; global_colors_info=&#8220;{}&#8220;]<iframe loading=\"lazy\" width=\"100%\" height=\"230\" src=\"https:\/\/letscast.fm\/podcasts\/camper-van-diek-2562199c\/episodes\/camper-van-diek\/iframe-player?size=m\" frameborder=\"0\" scrolling=\"no\" tabindex=\"0\"><\/iframe>[\/et_pb_code][\/et_pb_column][et_pb_column type=&#8220;1_2&#8243; _builder_version=&#8220;4.21.0&#8243; _module_preset=&#8220;default&#8220; global_colors_info=&#8220;{}&#8220;][et_pb_text _builder_version=&#8220;4.24.2&#8243; _module_preset=&#8220;default&#8220; text_text_color=&#8220;gcid-5e8ee08b-cef9-470a-ab61-ee6311cda45c&#8220; global_colors_info=&#8220;{%22gcid-5e8ee08b-cef9-470a-ab61-ee6311cda45c%22:%91%22text_text_color%22%93}&#8220;]<\/p>\n<h3>Folge 1 &#8211; Vom Urlauber zum Camper<\/h3>\n<p>In dieser Folge erz\u00e4hlen wir Euch, wie wir Camper geworden sind. Was f\u00fcr Urlaube wir vorher gemacht haben und wie wir zu Manny und Emil gekommen sind. Euch viel Spa\u00df damit.<\/p>\n<p>[\/et_pb_text][\/et_pb_column][\/et_pb_row][et_pb_row column_structure=&#8220;1_2,1_2&#8243; _builder_version=&#8220;4.20.4&#8243; _module_preset=&#8220;default&#8220; global_colors_info=&#8220;{}&#8220;][et_pb_column type=&#8220;1_2&#8243; _builder_version=&#8220;4.20.4&#8243; _module_preset=&#8220;default&#8220; global_colors_info=&#8220;{}&#8220;][et_pb_code _builder_version=&#8220;4.20.4&#8243; _module_preset=&#8220;default&#8220; global_colors_info=&#8220;{}&#8220;]<iframe loading=\"lazy\" width=\"100%\" height=\"230\" src=\"https:\/\/letscast.fm\/podcasts\/camper-van-diek-2562199c\/episodes\/camper-van-diek-die-vorstellungsrunde\/iframe-player?size=m-alternative\" frameborder=\"0\" scrolling=\"no\" tabindex=\"0\"><\/iframe>[\/et_pb_code][\/et_pb_column][et_pb_column type=&#8220;1_2&#8243; _builder_version=&#8220;4.20.4&#8243; _module_preset=&#8220;default&#8220; global_colors_info=&#8220;{}&#8220;][et_pb_text _builder_version=&#8220;4.24.2&#8243; _module_preset=&#8220;default&#8220; text_text_color=&#8220;gcid-5e8ee08b-cef9-470a-ab61-ee6311cda45c&#8220; global_colors_info=&#8220;{%22gcid-5e8ee08b-cef9-470a-ab61-ee6311cda45c%22:%91%22text_text_color%22%93}&#8220;]<\/p>\n<h3>Folge 0 &#8211; Die Vorstellungsrunde<\/h3>\n<p>Die Vorstellungsrunde!!! Wer sind wir \u00fcberhauppt und warum machen wir das. Hier unsere erste Folge, wobei eigenntlich ist es ja gar keine Folge.<\/p>\n<p>[\/et_pb_text][\/et_pb_column][\/et_pb_row][\/et_pb_section]<\/p>\n","protected":false},"excerpt":{"rendered":"<p>FolgenCamper Van Diek &#8211; die Folgen Hier eine \u00dcbersicht \u00fcber alle unsere Podcastfolgen. F\u00fcr mehr Infos zu den einzelnen Folgen wie Fotos und eventuelle Links, klickt einfach auf die Show Notes!!!Folge 64 &#8211; Disneyland nous venons Teil 1 In dieser Folge nimmt euch Lang Lang mit auf seine Reise nach Paris \u2013 auf dem Weg [&hellip;]<\/p>\n","protected":false},"author":4,"featured_media":0,"parent":0,"menu_order":0,"comment_status":"closed","ping_status":"closed","template":"","meta":{"_et_pb_use_builder":"on","_et_pb_old_content":"","_et_gb_content_width":"","footnotes":""},"class_list":["post-103","page","type-page","status-publish","hentry"],"yoast_head":"<!-- This site is optimized with the Yoast SEO plugin v27.5 - https:\/\/yoast.com\/product\/yoast-seo-wordpress\/ -->\n<title>Folgen - Camper Van Diek<\/title>\n<meta name=\"robots\" content=\"index, follow, max-snippet:-1, max-image-preview:large, max-video-preview:-1\" \/>\n<link rel=\"canonical\" href=\"https:\/\/campervandiek.de\/index.php\/folgen\/\" \/>\n<meta property=\"og:locale\" content=\"de_DE\" \/>\n<meta property=\"og:type\" content=\"article\" \/>\n<meta property=\"og:title\" content=\"Folgen - Camper Van Diek\" \/>\n<meta property=\"og:description\" content=\"FolgenCamper Van Diek - die Folgen Hier eine \u00dcbersicht \u00fcber alle unsere Podcastfolgen. F\u00fcr mehr Infos zu den einzelnen Folgen wie Fotos und eventuelle Links, klickt einfach auf die Show Notes!!!Folge 64 - Disneyland nous venons Teil 1 In dieser Folge nimmt euch Lang Lang mit auf seine Reise nach Paris \u2013 auf dem Weg [&hellip;]\" \/>\n<meta property=\"og:url\" content=\"https:\/\/campervandiek.de\/index.php\/folgen\/\" \/>\n<meta property=\"og:site_name\" content=\"Camper Van Diek\" \/>\n<meta property=\"article:modified_time\" content=\"2026-04-23T03:27:06+00:00\" \/>\n<meta name=\"twitter:card\" content=\"summary_large_image\" \/>\n<script type=\"application\/ld+json\" class=\"yoast-schema-graph\">{\"@context\":\"https:\\\/\\\/schema.org\",\"@graph\":[{\"@type\":\"WebPage\",\"@id\":\"https:\\\/\\\/campervandiek.de\\\/index.php\\\/folgen\\\/\",\"url\":\"https:\\\/\\\/campervandiek.de\\\/index.php\\\/folgen\\\/\",\"name\":\"Folgen - Camper Van Diek\",\"isPartOf\":{\"@id\":\"https:\\\/\\\/campervandiek.de\\\/#website\"},\"datePublished\":\"2023-04-19T11:36:10+00:00\",\"dateModified\":\"2026-04-23T03:27:06+00:00\",\"breadcrumb\":{\"@id\":\"https:\\\/\\\/campervandiek.de\\\/index.php\\\/folgen\\\/#breadcrumb\"},\"inLanguage\":\"de\",\"potentialAction\":[{\"@type\":\"ReadAction\",\"target\":[\"https:\\\/\\\/campervandiek.de\\\/index.php\\\/folgen\\\/\"]}]},{\"@type\":\"BreadcrumbList\",\"@id\":\"https:\\\/\\\/campervandiek.de\\\/index.php\\\/folgen\\\/#breadcrumb\",\"itemListElement\":[{\"@type\":\"ListItem\",\"position\":1,\"name\":\"Startseite\",\"item\":\"https:\\\/\\\/campervandiek.de\\\/\"},{\"@type\":\"ListItem\",\"position\":2,\"name\":\"Folgen\"}]},{\"@type\":\"WebSite\",\"@id\":\"https:\\\/\\\/campervandiek.de\\\/#website\",\"url\":\"https:\\\/\\\/campervandiek.de\\\/\",\"name\":\"Camper Van Diek\",\"description\":\"Der Camping Podcast\",\"potentialAction\":[{\"@type\":\"SearchAction\",\"target\":{\"@type\":\"EntryPoint\",\"urlTemplate\":\"https:\\\/\\\/campervandiek.de\\\/?s={search_term_string}\"},\"query-input\":{\"@type\":\"PropertyValueSpecification\",\"valueRequired\":true,\"valueName\":\"search_term_string\"}}],\"inLanguage\":\"de\"}]}<\/script>\n<!-- \/ Yoast SEO plugin. -->","yoast_head_json":{"title":"Folgen - Camper Van Diek","robots":{"index":"index","follow":"follow","max-snippet":"max-snippet:-1","max-image-preview":"max-image-preview:large","max-video-preview":"max-video-preview:-1"},"canonical":"https:\/\/campervandiek.de\/index.php\/folgen\/","og_locale":"de_DE","og_type":"article","og_title":"Folgen - Camper Van Diek","og_description":"FolgenCamper Van Diek - die Folgen Hier eine \u00dcbersicht \u00fcber alle unsere Podcastfolgen. F\u00fcr mehr Infos zu den einzelnen Folgen wie Fotos und eventuelle Links, klickt einfach auf die Show Notes!!!Folge 64 - Disneyland nous venons Teil 1 In dieser Folge nimmt euch Lang Lang mit auf seine Reise nach Paris \u2013 auf dem Weg [&hellip;]","og_url":"https:\/\/campervandiek.de\/index.php\/folgen\/","og_site_name":"Camper Van Diek","article_modified_time":"2026-04-23T03:27:06+00:00","twitter_card":"summary_large_image","schema":{"@context":"https:\/\/schema.org","@graph":[{"@type":"WebPage","@id":"https:\/\/campervandiek.de\/index.php\/folgen\/","url":"https:\/\/campervandiek.de\/index.php\/folgen\/","name":"Folgen - Camper Van Diek","isPartOf":{"@id":"https:\/\/campervandiek.de\/#website"},"datePublished":"2023-04-19T11:36:10+00:00","dateModified":"2026-04-23T03:27:06+00:00","breadcrumb":{"@id":"https:\/\/campervandiek.de\/index.php\/folgen\/#breadcrumb"},"inLanguage":"de","potentialAction":[{"@type":"ReadAction","target":["https:\/\/campervandiek.de\/index.php\/folgen\/"]}]},{"@type":"BreadcrumbList","@id":"https:\/\/campervandiek.de\/index.php\/folgen\/#breadcrumb","itemListElement":[{"@type":"ListItem","position":1,"name":"Startseite","item":"https:\/\/campervandiek.de\/"},{"@type":"ListItem","position":2,"name":"Folgen"}]},{"@type":"WebSite","@id":"https:\/\/campervandiek.de\/#website","url":"https:\/\/campervandiek.de\/","name":"Camper Van Diek","description":"Der Camping Podcast","potentialAction":[{"@type":"SearchAction","target":{"@type":"EntryPoint","urlTemplate":"https:\/\/campervandiek.de\/?s={search_term_string}"},"query-input":{"@type":"PropertyValueSpecification","valueRequired":true,"valueName":"search_term_string"}}],"inLanguage":"de"}]}},"_links":{"self":[{"href":"https:\/\/campervandiek.de\/index.php\/wp-json\/wp\/v2\/pages\/103","targetHints":{"allow":["GET"]}}],"collection":[{"href":"https:\/\/campervandiek.de\/index.php\/wp-json\/wp\/v2\/pages"}],"about":[{"href":"https:\/\/campervandiek.de\/index.php\/wp-json\/wp\/v2\/types\/page"}],"author":[{"embeddable":true,"href":"https:\/\/campervandiek.de\/index.php\/wp-json\/wp\/v2\/users\/4"}],"replies":[{"embeddable":true,"href":"https:\/\/campervandiek.de\/index.php\/wp-json\/wp\/v2\/comments?post=103"}],"version-history":[{"count":126,"href":"https:\/\/campervandiek.de\/index.php\/wp-json\/wp\/v2\/pages\/103\/revisions"}],"predecessor-version":[{"id":697,"href":"https:\/\/campervandiek.de\/index.php\/wp-json\/wp\/v2\/pages\/103\/revisions\/697"}],"wp:attachment":[{"href":"https:\/\/campervandiek.de\/index.php\/wp-json\/wp\/v2\/media?parent=103"}],"curies":[{"name":"wp","href":"https:\/\/api.w.org\/{rel}","templated":true}]}}